{"id":1148,"date":"2022-08-25T21:49:23","date_gmt":"2022-08-25T21:49:23","guid":{"rendered":"https:\/\/mnssimulacion.cl\/?page_id=1148"},"modified":"2026-04-23T16:46:11","modified_gmt":"2026-04-23T16:46:11","slug":"noticias","status":"publish","type":"page","link":"https:\/\/mnssimulacion.cl\/en\/noticias\/","title":{"rendered":"News"},"content":{"rendered":"<!--themify_builder_content-->\n<div id=\"themify_builder_content-1148\" data-postid=\"1148\" class=\"themify_builder_content themify_builder_content-1148 themify_builder tf_clear\">\n    \t<!-- module_row -->\n\t<div  data-lazy=\"1\" class=\"module_row themify_builder_row tb_gn7v775 tb_first tf_clearfix\">\n\t    \t\t<div class=\"row_inner col_align_top col-count-1 tf_box tf_w tf_rel\">\n\t\t\t<div  data-lazy=\"1\" class=\"module_column tb-column col-full first tb_ig5a776 tf_box\">\n\t\t\t    \t        <div class=\"tb-column-inner tf_box tf_w\">\n\t\t    <!-- module fancy heading -->\n<div  class=\"module module-fancy-heading tb_ttuq220  tb_hide_divider\" data-lazy=\"1\">\n        <h2 class=\"fancy-heading\">\n    <span class=\"main-head tf_block\">\n\t\t\t\t\tNews\t\t    <\/span>\n\n\t\n    <span class=\"sub-head tf_block tf_rel\">\n\t\t\t\t\t\t\t    <\/span>\n    <\/h2>\n<\/div>\n<!-- \/module fancy heading -->\n\t        <\/div>\n\t    \t<\/div>\n\t\t    <\/div>\n\t    <!-- \/row_inner -->\n\t<\/div>\n\t<!-- \/module_row -->\n\t\t<!-- module_row -->\n\t<div  data-lazy=\"1\" class=\"module_row themify_builder_row repeat tb_vly3509 tf_clearfix\" >\n\t    \t\t<div class=\"row_inner col_align_middle gutter-none col-count-2 tf_box tf_w tf_rel\">\n\t\t\t<div  data-lazy=\"1\" class=\"module_column tb-column col4-1 first tb_9d0k509 tf_box\">\n\t\t\t    \t        <div class=\"tb-column-inner tf_box tf_w\">\n\t\t    <!-- module image -->\n<div  class=\"module module-image tb_v49j510 rounded  image-center tf_mw\" data-lazy=\"1\">\n        <div class=\"image-wrap tf_rel tf_mw\">\n\t\t    <img loading=\"lazy\" width=\"1301\" height=\"813\" src=\"https:\/\/mnssimulacion.cl\/wp-content\/uploads\/2025\/05\/BancoDatos.png\" class=\"wp-post-image wp-image-2795\" title=\"BancoDatos\" alt=\"BancoDatos\" srcset=\"https:\/\/mnssimulacion.cl\/wp-content\/uploads\/2025\/05\/BancoDatos.png 1301w, https:\/\/mnssimulacion.cl\/wp-content\/uploads\/2025\/05\/BancoDatos-300x187.png 300w, https:\/\/mnssimulacion.cl\/wp-content\/uploads\/2025\/05\/BancoDatos-1024x640.png 1024w, https:\/\/mnssimulacion.cl\/wp-content\/uploads\/2025\/05\/BancoDatos-768x480.png 768w, https:\/\/mnssimulacion.cl\/wp-content\/uploads\/2025\/05\/BancoDatos-18x12.png 18w\" sizes=\"(max-width: 1301px) 100vw, 1301px\" \/>\t\n\t\t<\/div>\n\t<!-- \/image-wrap -->\n    \n    \t<\/div>\n<!-- \/module image -->\t        <\/div>\n\t    \t<\/div>\n\t\t<div  data-lazy=\"1\" class=\"module_column tb-column col4-3 last tb_etjk510 tf_box\">\n\t\t\t    \t        <div class=\"tb-column-inner tf_box tf_w\">\n\t\t    <!-- module fancy heading -->\n<div  class=\"module module-fancy-heading tb_zyaw510  tb_hide_divider\" data-lazy=\"1\">\n        <h3 class=\"fancy-heading\">\n    <span class=\"main-head tf_block\">\n\t\t\t\t\tNew Centralized Database Management System\t\t    <\/span>\n\n\t\n    <span class=\"sub-head tf_block tf_rel\">\n\t\t\t\t\t\t\t    <\/span>\n    <\/h3>\n<\/div>\n<!-- \/module fancy heading -->\n<!-- module text -->\n<div  class=\"module module-text tb_h9hw510  repeat\" data-lazy=\"1\">\n        <div  class=\"tb_text_wrap\">\n    <p>Thursday, 22th May 2025.<\/p>    <\/div>\n<\/div>\n<!-- \/module text --><!-- module text -->\n<div  class=\"module module-text tb_zgff510  repeat\" data-lazy=\"1\">\n        <div  class=\"tb_text_wrap\">\n    <p>The systems development unit presented the new centralized database management system developed during the 2024-2025 period. This system will allow remote access and management of the database containing the annual measurements taken from the network of permanent sample plots and silvicultural trails maintained by the members.<\/p>    <\/div>\n<\/div>\n<!-- \/module text -->\t        <\/div>\n\t    \t<\/div>\n\t\t    <\/div>\n\t    <!-- \/row_inner -->\n\t<\/div>\n\t<!-- \/module_row -->\n\t\t<!-- module_row -->\n\t<div  data-lazy=\"1\" class=\"module_row themify_builder_row repeat tb_pndz618 tf_clearfix\" >\n\t    \t\t<div class=\"row_inner col_align_middle gutter-none col-count-2 tf_box tf_w tf_rel\">\n\t\t\t<div  data-lazy=\"1\" class=\"module_column tb-column col4-1 first tb_5wxy619 tf_box\">\n\t\t\t    \t        <div class=\"tb-column-inner tf_box tf_w\">\n\t\t    <!-- module image -->\n<div  class=\"module module-image tb_s0yy619 rounded  image-center tf_mw\" data-lazy=\"1\">\n        <div class=\"image-wrap tf_rel tf_mw\">\n\t\t    <img loading=\"lazy\" src=\"https:\/\/mnssimulacion.cl\/wp-content\/uploads\/2025\/05\/20250520_131153-scaled.jpg\" width=\"199\" height=\"112\" class=\"wp-post-image wp-image-2792\" title=\"20250520_131153\" alt=\"20250520_131153\">\t\n\t\t<\/div>\n\t<!-- \/image-wrap -->\n    \n    \t<\/div>\n<!-- \/module image -->\t        <\/div>\n\t    \t<\/div>\n\t\t<div  data-lazy=\"1\" class=\"module_column tb-column col4-3 last tb_mncb619 tf_box\">\n\t\t\t    \t        <div class=\"tb-column-inner tf_box tf_w\">\n\t\t    <!-- module fancy heading -->\n<div  class=\"module module-fancy-heading tb_o72n619  tb_hide_divider\" data-lazy=\"1\">\n        <h3 class=\"fancy-heading\">\n    <span class=\"main-head tf_block\">\n\t\t\t\t\tAnnual Training for New Field Crews\t\t    <\/span>\n\n\t\n    <span class=\"sub-head tf_block tf_rel\">\n\t\t\t\t\t\t\t    <\/span>\n    <\/h3>\n<\/div>\n<!-- \/module fancy heading -->\n<!-- module text -->\n<div  class=\"module module-text tb_bb41619  repeat\" data-lazy=\"1\">\n        <div  class=\"tb_text_wrap\">\n    <p><em>Tuesday, 20th May 2025.<\/em><\/p>    <\/div>\n<\/div>\n<!-- \/module text --><!-- module text -->\n<div  class=\"module module-text tb_dohp619  repeat\" data-lazy=\"1\">\n        <div  class=\"tb_text_wrap\">\n    <p>An annual training course for new field crews will be provided by the MNS for the members during May. These highly trained crews are responsible for measuring permanent sample plots and silvicultural trials. This activity is coordinated and executed by Mr. Cristian Higuera in charge of the data and trials unit.<\/p>    <\/div>\n<\/div>\n<!-- \/module text -->\t        <\/div>\n\t    \t<\/div>\n\t\t    <\/div>\n\t    <!-- \/row_inner -->\n\t<\/div>\n\t<!-- \/module_row -->\n\t\t<!-- module_row -->\n\t<div  data-lazy=\"1\" class=\"module_row themify_builder_row repeat tb_whzl668 tf_clearfix\" >\n\t    \t\t<div class=\"row_inner col_align_middle gutter-none col-count-2 tf_box tf_w tf_rel\">\n\t\t\t<div  data-lazy=\"1\" class=\"module_column tb-column col4-1 first tb_u541668 tf_box\">\n\t\t\t    \t        <div class=\"tb-column-inner tf_box tf_w\">\n\t\t    <!-- module image -->\n<div  class=\"module module-image tb_esiw668 rounded  image-center tf_mw\" data-lazy=\"1\">\n        <div class=\"image-wrap tf_rel tf_mw\">\n\t\t    <img loading=\"lazy\" width=\"592\" height=\"444\" src=\"https:\/\/mnssimulacion.cl\/wp-content\/uploads\/2025\/05\/rucacalquin_mayo_2025.jpg\" class=\"wp-post-image wp-image-2790\" title=\"rucacalquin_mayo_2025\" alt=\"rucacalquin_mayo_2025\" srcset=\"https:\/\/mnssimulacion.cl\/wp-content\/uploads\/2025\/05\/rucacalquin_mayo_2025.jpg 592w, https:\/\/mnssimulacion.cl\/wp-content\/uploads\/2025\/05\/rucacalquin_mayo_2025-300x225.jpg 300w, https:\/\/mnssimulacion.cl\/wp-content\/uploads\/2025\/05\/rucacalquin_mayo_2025-16x12.jpg 16w\" sizes=\"(max-width: 592px) 100vw, 592px\" \/>\t\n\t\t<\/div>\n\t<!-- \/image-wrap -->\n    \n    \t<\/div>\n<!-- \/module image -->\t        <\/div>\n\t    \t<\/div>\n\t\t<div  data-lazy=\"1\" class=\"module_column tb-column col4-3 last tb_ixgd668 tf_box\">\n\t\t\t    \t        <div class=\"tb-column-inner tf_box tf_w\">\n\t\t    <!-- module fancy heading -->\n<div  class=\"module module-fancy-heading tb_x8ai668  tb_hide_divider\" data-lazy=\"1\">\n        <h3 class=\"fancy-heading\">\n    <span class=\"main-head tf_block\">\n\t\t\t\t\tVisit of New Silvicultural Trial: Rucacalqu\u00edn\t\t    <\/span>\n\n\t\n    <span class=\"sub-head tf_block tf_rel\">\n\t\t\t\t\t\t\t    <\/span>\n    <\/h3>\n<\/div>\n<!-- \/module fancy heading -->\n<!-- module text -->\n<div  class=\"module module-text tb_ocs6668  repeat\" data-lazy=\"1\">\n        <div  class=\"tb_text_wrap\">\n    <p>Wednesday, 14th May 2025.<\/p>    <\/div>\n<\/div>\n<!-- \/module text --><!-- module text -->\n<div  class=\"module module-text tb_hs8f668  repeat\" data-lazy=\"1\">\n        <div  class=\"tb_text_wrap\">\n    <p>As part of the Technical Committee meeting, a visit was made to the Rucacalqu\u00edn silvicultural trial located in Mulch\u00e9n. This trial was installed in December 2023 and is managed by Forestal Mininco. During the visit, the application of treatments and their effects on tree growth were discussed.<\/p>    <\/div>\n<\/div>\n<!-- \/module text -->\t        <\/div>\n\t    \t<\/div>\n\t\t    <\/div>\n\t    <!-- \/row_inner -->\n\t<\/div>\n\t<!-- \/module_row -->\n\t\t<!-- module_row -->\n\t<div  data-lazy=\"1\" class=\"module_row themify_builder_row repeat tb_fbz8644 tf_clearfix\" >\n\t    \t\t<div class=\"row_inner col_align_middle gutter-none col-count-2 tf_box tf_w tf_rel\">\n\t\t\t<div  data-lazy=\"1\" class=\"module_column tb-column col4-1 first tb_9b6e645 tf_box\">\n\t\t\t    \t        <div class=\"tb-column-inner tf_box tf_w\">\n\t\t    <!-- module image -->\n<div  class=\"module module-image tb_5dwm645 rounded  image-center tf_mw\" data-lazy=\"1\">\n        <div class=\"image-wrap tf_rel tf_mw\">\n\t\t    <img loading=\"lazy\" width=\"319\" height=\"566\" src=\"https:\/\/mnssimulacion.cl\/wp-content\/uploads\/2025\/05\/capturador.png\" class=\"wp-post-image wp-image-2788\" title=\"capturador\" alt=\"capturador\" srcset=\"https:\/\/mnssimulacion.cl\/wp-content\/uploads\/2025\/05\/capturador.png 319w, https:\/\/mnssimulacion.cl\/wp-content\/uploads\/2025\/05\/capturador-169x300.png 169w, https:\/\/mnssimulacion.cl\/wp-content\/uploads\/2025\/05\/capturador-7x12.png 7w\" sizes=\"(max-width: 319px) 100vw, 319px\" \/>\t\n\t\t<\/div>\n\t<!-- \/image-wrap -->\n    \n    \t<\/div>\n<!-- \/module image -->\t        <\/div>\n\t    \t<\/div>\n\t\t<div  data-lazy=\"1\" class=\"module_column tb-column col4-3 last tb_q5tz645 tf_box\">\n\t\t\t    \t        <div class=\"tb-column-inner tf_box tf_w\">\n\t\t    <!-- module fancy heading -->\n<div  class=\"module module-fancy-heading tb_7x84645  tb_hide_divider\" data-lazy=\"1\">\n        <h3 class=\"fancy-heading\">\n    <span class=\"main-head tf_block\">\n\t\t\t\t\tNew ANDROID Field Data Capture\t\t    <\/span>\n\n\t\n    <span class=\"sub-head tf_block tf_rel\">\n\t\t\t\t\t\t\t    <\/span>\n    <\/h3>\n<\/div>\n<!-- \/module fancy heading -->\n<!-- module text -->\n<div  class=\"module module-text tb_e9vj645  repeat\" data-lazy=\"1\">\n        <div  class=\"tb_text_wrap\">\n    <p><em>Wednesday, 14th May 2025.<\/em><\/p>    <\/div>\n<\/div>\n<!-- \/module text --><!-- module text -->\n<div  class=\"module module-text tb_kaq1645  repeat\" data-lazy=\"1\">\n        <div  class=\"tb_text_wrap\">\n    <p>A new version of the field data capture tool developed by the MNS was presented to our members for evaluation. This activity was carried out by Mr. Christian Loayza, in charge of the systems development unit. This software application was developed for Android devices to facilitate electronic data capture and perform real-time data validation.<\/p>    <\/div>\n<\/div>\n<!-- \/module text -->\t        <\/div>\n\t    \t<\/div>\n\t\t    <\/div>\n\t    <!-- \/row_inner -->\n\t<\/div>\n\t<!-- \/module_row -->\n\t\t<!-- module_row -->\n\t<div  data-lazy=\"1\" class=\"module_row themify_builder_row repeat tb_9p3n454 tf_clearfix\" >\n\t    \t\t<div class=\"row_inner col_align_middle gutter-none col-count-2 tf_box tf_w tf_rel\">\n\t\t\t<div  data-lazy=\"1\" class=\"module_column tb-column col4-1 first tb_6v7m454 tf_box\">\n\t\t\t    \t        <div class=\"tb-column-inner tf_box tf_w\">\n\t\t    <!-- module image -->\n<div  class=\"module module-image tb_usoa454 rounded  image-center tf_mw\" data-lazy=\"1\">\n        <div class=\"image-wrap tf_rel tf_mw\">\n\t\t    <img loading=\"lazy\" width=\"577\" height=\"325\" src=\"https:\/\/mnssimulacion.cl\/wp-content\/uploads\/2025\/05\/ceremonia-certificacion.jpg\" class=\"wp-post-image wp-image-2786\" title=\"ceremonia-certificacion\" alt=\"ceremonia-certificacion\" srcset=\"https:\/\/mnssimulacion.cl\/wp-content\/uploads\/2025\/05\/ceremonia-certificacion.jpg 577w, https:\/\/mnssimulacion.cl\/wp-content\/uploads\/2025\/05\/ceremonia-certificacion-300x169.jpg 300w, https:\/\/mnssimulacion.cl\/wp-content\/uploads\/2025\/05\/ceremonia-certificacion-18x10.jpg 18w\" sizes=\"(max-width: 577px) 100vw, 577px\" \/>\t\n\t\t<\/div>\n\t<!-- \/image-wrap -->\n    \n    \t<\/div>\n<!-- \/module image -->\t        <\/div>\n\t    \t<\/div>\n\t\t<div  data-lazy=\"1\" class=\"module_column tb-column col4-3 last tb_c3y6454 tf_box\">\n\t\t\t    \t        <div class=\"tb-column-inner tf_box tf_w\">\n\t\t    <!-- module fancy heading -->\n<div  class=\"module module-fancy-heading tb_pnab454  tb_hide_divider\" data-lazy=\"1\">\n        <h3 class=\"fancy-heading\">\n    <span class=\"main-head tf_block\">\n\t\t\t\t\tCertificate Delivery Ceremony\t\t    <\/span>\n\n\t\n    <span class=\"sub-head tf_block tf_rel\">\n\t\t\t\t\t\t\t    <\/span>\n    <\/h3>\n<\/div>\n<!-- \/module fancy heading -->\n<!-- module text -->\n<div  class=\"module module-text tb_wusq454  repeat\" data-lazy=\"1\">\n        <div  class=\"tb_text_wrap\">\n    <p><em>Friday, 25th April 2025.<\/em><\/p>    <\/div>\n<\/div>\n<!-- \/module text --><!-- module text -->\n<div  class=\"module module-text tb_yfet454  repeat\" data-lazy=\"1\">\n        <div  class=\"tb_text_wrap\">\n    <p>During an emotional ceremony held in the Fernando Drake auditorium of the University of Concepci\u00f3n, certificates were presented to the forestry brigade members who participated in the SENCE training course.<\/p>    <\/div>\n<\/div>\n<!-- \/module text -->\t        <\/div>\n\t    \t<\/div>\n\t\t    <\/div>\n\t    <!-- \/row_inner -->\n\t<\/div>\n\t<!-- \/module_row -->\n\t\t<!-- module_row -->\n\t<div  data-lazy=\"1\" class=\"module_row themify_builder_row repeat tb_ap1u703 tf_clearfix\" >\n\t    \t\t<div class=\"row_inner col_align_middle gutter-none col-count-2 tf_box tf_w tf_rel\">\n\t\t\t<div  data-lazy=\"1\" class=\"module_column tb-column col4-1 first tb_uvdl703 tf_box\">\n\t\t\t    \t        <div class=\"tb-column-inner tf_box tf_w\">\n\t\t    <!-- module image -->\n<div  class=\"module module-image tb_bfa8703 rounded  image-center tf_mw\" data-lazy=\"1\">\n        <div class=\"image-wrap tf_rel tf_mw\">\n\t\t    <img loading=\"lazy\" width=\"216\" height=\"185\" src=\"https:\/\/mnssimulacion.cl\/wp-content\/uploads\/2025\/05\/Leandro-Chaura-Magister.png\" class=\"wp-post-image wp-image-2766\" title=\"Leandro Chaura-Magister\" alt=\"Leandro Chaura-Magister\" srcset=\"https:\/\/mnssimulacion.cl\/wp-content\/uploads\/2025\/05\/Leandro-Chaura-Magister.png 216w, https:\/\/mnssimulacion.cl\/wp-content\/uploads\/2025\/05\/Leandro-Chaura-Magister-14x12.png 14w\" sizes=\"(max-width: 216px) 100vw, 216px\" \/>\t\n\t\t<\/div>\n\t<!-- \/image-wrap -->\n    \n    \t<\/div>\n<!-- \/module image -->\t        <\/div>\n\t    \t<\/div>\n\t\t<div  data-lazy=\"1\" class=\"module_column tb-column col4-3 last tb_hihj703 tf_box\">\n\t\t\t    \t        <div class=\"tb-column-inner tf_box tf_w\">\n\t\t    <!-- module fancy heading -->\n<div  class=\"module module-fancy-heading tb_txxd703  tb_hide_divider\" data-lazy=\"1\">\n        <h3 class=\"fancy-heading\">\n    <span class=\"main-head tf_block\">\n\t\t\t\t\tMNS Master\u2019s Fellow 2025-2026\t\t    <\/span>\n\n\t\n    <span class=\"sub-head tf_block tf_rel\">\n\t\t\t\t\t\t\t    <\/span>\n    <\/h3>\n<\/div>\n<!-- \/module fancy heading -->\n<!-- module text -->\n<div  class=\"module module-text tb_6frm703  repeat\" data-lazy=\"1\">\n        <div  class=\"tb_text_wrap\">\n    <p><em>Tuesday, 1st April 2025.<\/em><\/p>    <\/div>\n<\/div>\n<!-- \/module text --><!-- module text -->\n<div  class=\"module module-text tb_lgwj703  repeat\" data-lazy=\"1\">\n        <div  class=\"tb_text_wrap\">\n    <p>Leandro Chaura will join the MNS as a new Master's fellow and research assistant starting in April 2025. He will conduct his research at the Universidad Austral del Chile as part of the Master of Science in Forestry and Environment program.<\/p>    <\/div>\n<\/div>\n<!-- \/module text -->\t        <\/div>\n\t    \t<\/div>\n\t\t    <\/div>\n\t    <!-- \/row_inner -->\n\t<\/div>\n\t<!-- \/module_row -->\n\t\t<!-- module_row -->\n\t<div  data-lazy=\"1\" class=\"module_row themify_builder_row repeat tb_7u5n536 tf_clearfix\" >\n\t    \t\t<div class=\"row_inner col_align_middle gutter-none col-count-2 tf_box tf_w tf_rel\">\n\t\t\t<div  data-lazy=\"1\" class=\"module_column tb-column col4-1 first tb_ouqx536 tf_box\">\n\t\t\t    \t        <div class=\"tb-column-inner tf_box tf_w\">\n\t\t    <!-- module image -->\n<div  class=\"module module-image tb_0mmz536 rounded  image-center tf_mw\" data-lazy=\"1\">\n        <div class=\"image-wrap tf_rel tf_mw\">\n\t\t    <img loading=\"lazy\" width=\"572\" height=\"347\" src=\"https:\/\/mnssimulacion.cl\/wp-content\/uploads\/2024\/11\/Camilo_Rolando.png\" class=\"wp-post-image wp-image-2619\" title=\"Camilo_Rolando\" alt=\"Camilo_Rolando\" srcset=\"https:\/\/mnssimulacion.cl\/wp-content\/uploads\/2024\/11\/Camilo_Rolando.png 572w, https:\/\/mnssimulacion.cl\/wp-content\/uploads\/2024\/11\/Camilo_Rolando-300x182.png 300w, https:\/\/mnssimulacion.cl\/wp-content\/uploads\/2024\/11\/Camilo_Rolando-18x12.png 18w\" sizes=\"(max-width: 572px) 100vw, 572px\" \/>\t\n\t\t<\/div>\n\t<!-- \/image-wrap -->\n    \n    \t<\/div>\n<!-- \/module image -->\t        <\/div>\n\t    \t<\/div>\n\t\t<div  data-lazy=\"1\" class=\"module_column tb-column col4-3 last tb_whl6536 tf_box\">\n\t\t\t    \t        <div class=\"tb-column-inner tf_box tf_w\">\n\t\t    <!-- module fancy heading -->\n<div  class=\"module module-fancy-heading tb_k6yw537  tb_hide_divider\" data-lazy=\"1\">\n        <h3 class=\"fancy-heading\">\n    <span class=\"main-head tf_block\">\n\t\t\t\t\tCompletion of Undergraduate Thesis\t\t    <\/span>\n\n\t\n    <span class=\"sub-head tf_block tf_rel\">\n\t\t\t\t\t\t\t    <\/span>\n    <\/h3>\n<\/div>\n<!-- \/module fancy heading -->\n<!-- module text -->\n<div  class=\"module module-text tb_6ua3537  repeat\" data-lazy=\"1\">\n        <div  class=\"tb_text_wrap\">\n    <p><em>Monday, 31st March 2025.<\/em><\/p>    <\/div>\n<\/div>\n<!-- \/module text --><!-- module text -->\n<div  class=\"module module-text tb_88vv537  repeat\" data-lazy=\"1\">\n        <div  class=\"tb_text_wrap\">\n    <p>The undergraduate students Camilo Varas and Rolando Hidalgo successfully passed their qualification exam at the Facultad de Ciencias Forestales at the Universidad de Concepci\u00f3n. Both research projects were sponsored by the MNS and guided by Dr. Rosa Mar\u00eda Alzamora in collaboration with Mr. Julio Becker. Congratulations to Camilo and Rolando!!<\/p>    <\/div>\n<\/div>\n<!-- \/module text -->\t        <\/div>\n\t    \t<\/div>\n\t\t    <\/div>\n\t    <!-- \/row_inner -->\n\t<\/div>\n\t<!-- \/module_row -->\n\t\t<!-- module_row -->\n\t<div  data-lazy=\"1\" class=\"module_row themify_builder_row repeat tb_rkij93 tf_clearfix\" >\n\t    \t\t<div class=\"row_inner col_align_middle gutter-none col-count-2 tf_box tf_w tf_rel\">\n\t\t\t<div  data-lazy=\"1\" class=\"module_column tb-column col4-1 first tb_gzll94 tf_box\">\n\t\t\t    \t        <div class=\"tb-column-inner tf_box tf_w\">\n\t\t    <!-- module image -->\n<div  class=\"module module-image tb_s1gz94 rounded  image-center tf_mw\" data-lazy=\"1\">\n        <div class=\"image-wrap tf_rel tf_mw\">\n\t\t    <img loading=\"lazy\" width=\"247\" height=\"219\" src=\"https:\/\/mnssimulacion.cl\/wp-content\/uploads\/2025\/05\/capacitacion_inventarios.png\" class=\"wp-post-image wp-image-2779\" title=\"capacitacion_inventarios\" alt=\"capacitacion_inventarios\" srcset=\"https:\/\/mnssimulacion.cl\/wp-content\/uploads\/2025\/05\/capacitacion_inventarios.png 247w, https:\/\/mnssimulacion.cl\/wp-content\/uploads\/2025\/05\/capacitacion_inventarios-14x12.png 14w\" sizes=\"(max-width: 247px) 100vw, 247px\" \/>\t\n\t\t<\/div>\n\t<!-- \/image-wrap -->\n    \n    \t<\/div>\n<!-- \/module image -->\t        <\/div>\n\t    \t<\/div>\n\t\t<div  data-lazy=\"1\" class=\"module_column tb-column col4-3 last tb_jobn94 tf_box\">\n\t\t\t    \t        <div class=\"tb-column-inner tf_box tf_w\">\n\t\t    <!-- module fancy heading -->\n<div  class=\"module module-fancy-heading tb_swac94  tb_hide_divider\" data-lazy=\"1\">\n        <h3 class=\"fancy-heading\">\n    <span class=\"main-head tf_block\">\n\t\t\t\t\tForest Inventory Training Program\t\t    <\/span>\n\n\t\n    <span class=\"sub-head tf_block tf_rel\">\n\t\t\t\t\t\t\t    <\/span>\n    <\/h3>\n<\/div>\n<!-- \/module fancy heading -->\n<!-- module text -->\n<div  class=\"module module-text tb_ehgj94  repeat\" data-lazy=\"1\">\n        <div  class=\"tb_text_wrap\">\n    <p><em>Friday, 24th January 2025.<\/em><\/p>    <\/div>\n<\/div>\n<!-- \/module text --><!-- module text -->\n<div  class=\"module module-text tb_6iib94  repeat\" data-lazy=\"1\">\n        <div  class=\"tb_text_wrap\">\n    <p>The MNS  in collaboration with the Continuing Education Office of the Universidad de Concepci\u00f3n, delivered the SENCE training course \"Planning and data capture procedures in forest inventories.\" This course was taught to 56 forest inventory field crew members of  Forestal Mininco.<\/p>    <\/div>\n<\/div>\n<!-- \/module text -->\t        <\/div>\n\t    \t<\/div>\n\t\t    <\/div>\n\t    <!-- \/row_inner -->\n\t<\/div>\n\t<!-- \/module_row -->\n\t\t<!-- module_row -->\n\t<div  data-lazy=\"1\" class=\"module_row themify_builder_row repeat tb_wqck149 tf_clearfix\" >\n\t    \t\t<div class=\"row_inner col_align_middle gutter-none col-count-2 tf_box tf_w tf_rel\">\n\t\t\t<div  data-lazy=\"1\" class=\"module_column tb-column col4-1 first tb_gmsa149 tf_box\">\n\t\t\t    \t        <div class=\"tb-column-inner tf_box tf_w\">\n\t\t    <!-- module image -->\n<div  class=\"module module-image tb_wtxv149 rounded  image-center tf_mw\" data-lazy=\"1\">\n        <div class=\"image-wrap tf_rel tf_mw\">\n\t\t    <img loading=\"lazy\" width=\"428\" height=\"303\" src=\"https:\/\/mnssimulacion.cl\/wp-content\/uploads\/2024\/11\/ensayo_El_Tollo.png\" class=\"wp-post-image wp-image-2609\" title=\"ensayo_El_Tollo\" alt=\"ensayo_El_Tollo\" srcset=\"https:\/\/mnssimulacion.cl\/wp-content\/uploads\/2024\/11\/ensayo_El_Tollo.png 428w, https:\/\/mnssimulacion.cl\/wp-content\/uploads\/2024\/11\/ensayo_El_Tollo-300x212.png 300w, https:\/\/mnssimulacion.cl\/wp-content\/uploads\/2024\/11\/ensayo_El_Tollo-18x12.png 18w\" sizes=\"(max-width: 428px) 100vw, 428px\" \/>\t\n\t\t<\/div>\n\t<!-- \/image-wrap -->\n    \n    \t<\/div>\n<!-- \/module image -->\t        <\/div>\n\t    \t<\/div>\n\t\t<div  data-lazy=\"1\" class=\"module_column tb-column col4-3 last tb_ot4j150 tf_box\">\n\t\t\t    \t        <div class=\"tb-column-inner tf_box tf_w\">\n\t\t    <!-- module fancy heading -->\n<div  class=\"module module-fancy-heading tb_oo0b150  tb_hide_divider\" data-lazy=\"1\">\n        <h3 class=\"fancy-heading\">\n    <span class=\"main-head tf_block\">\n\t\t\t\t\tNew network of silvicultural trials: El Tollo\t\t    <\/span>\n\n\t\n    <span class=\"sub-head tf_block tf_rel\">\n\t\t\t\t\t\t\t    <\/span>\n    <\/h3>\n<\/div>\n<!-- \/module fancy heading -->\n<!-- module text -->\n<div  class=\"module module-text tb_6cky150  repeat\" data-lazy=\"1\">\n        <div  class=\"tb_text_wrap\">\n    <p><em>Friday, 15th November 2024.<\/em><\/p>    <\/div>\n<\/div>\n<!-- \/module text --><!-- module text -->\n<div  class=\"module module-text tb_amc3150  repeat\" data-lazy=\"1\">\n        <div  class=\"tb_text_wrap\">\n    <p><span data-olk-copy-source=\"MessageBody\">The MNS Technical Committee visited the \u201cEl Tollo\u201d forestry trial located in the coastal dryland at the \u00d1uble region. This trial was installed by CAMBIUM in 2023 and corresponds to the new MNS trial network established to evaluate stand and tree growth responses of thinning and pruning interventions.<\/span><\/p>    <\/div>\n<\/div>\n<!-- \/module text -->\t        <\/div>\n\t    \t<\/div>\n\t\t    <\/div>\n\t    <!-- \/row_inner -->\n\t<\/div>\n\t<!-- \/module_row -->\n\t\t<!-- module_row -->\n\t<div  data-lazy=\"1\" class=\"module_row themify_builder_row repeat tb_bu0o720 tf_clearfix\" >\n\t    \t\t<div class=\"row_inner col_align_middle gutter-none col-count-2 tf_box tf_w tf_rel\">\n\t\t\t<div  data-lazy=\"1\" class=\"module_column tb-column col4-1 first tb_dd6x720 tf_box\">\n\t\t\t    \t        <div class=\"tb-column-inner tf_box tf_w\">\n\t\t    <!-- module image -->\n<div  class=\"module module-image tb_13fc720 rounded  image-center tf_mw\" data-lazy=\"1\">\n        <div class=\"image-wrap tf_rel tf_mw\">\n\t\t    <img loading=\"lazy\" width=\"572\" height=\"347\" src=\"https:\/\/mnssimulacion.cl\/wp-content\/uploads\/2024\/11\/Camilo_Rolando.png\" class=\"wp-post-image wp-image-2619\" title=\"Camilo_Rolando\" alt=\"Camilo_Rolando\" srcset=\"https:\/\/mnssimulacion.cl\/wp-content\/uploads\/2024\/11\/Camilo_Rolando.png 572w, https:\/\/mnssimulacion.cl\/wp-content\/uploads\/2024\/11\/Camilo_Rolando-300x182.png 300w, https:\/\/mnssimulacion.cl\/wp-content\/uploads\/2024\/11\/Camilo_Rolando-18x12.png 18w\" sizes=\"(max-width: 572px) 100vw, 572px\" \/>\t\n\t\t<\/div>\n\t<!-- \/image-wrap -->\n    \n    \t<\/div>\n<!-- \/module image -->\t        <\/div>\n\t    \t<\/div>\n\t\t<div  data-lazy=\"1\" class=\"module_column tb-column col4-3 last tb_v16f721 tf_box\">\n\t\t\t    \t        <div class=\"tb-column-inner tf_box tf_w\">\n\t\t    <!-- module fancy heading -->\n<div  class=\"module module-fancy-heading tb_ym0p721  tb_hide_divider\" data-lazy=\"1\">\n        <h3 class=\"fancy-heading\">\n    <span class=\"main-head tf_block\">\n\t\t\t\t\tNew Undergraduate Students: UDEC\t\t    <\/span>\n\n\t\n    <span class=\"sub-head tf_block tf_rel\">\n\t\t\t\t\t\t\t    <\/span>\n    <\/h3>\n<\/div>\n<!-- \/module fancy heading -->\n<!-- module text -->\n<div  class=\"module module-text tb_zsb3721  repeat\" data-lazy=\"1\">\n        <div  class=\"tb_text_wrap\">\n    <p><em>Monday, 11th November 2024.<\/em><\/p>    <\/div>\n<\/div>\n<!-- \/module text --><!-- module text -->\n<div  class=\"module module-text tb_igzq721  repeat\" data-lazy=\"1\">\n        <div  class=\"tb_text_wrap\">\n    <p><span data-olk-copy-source=\"MessageBody\">Camilo Varas and Rolando Hidalgo from the Universidad de Concepci\u00f3n have joined the MNS work team as undergraduate students under the advice of Rosa Alzamora and Julio Becker.<\/span><\/p>    <\/div>\n<\/div>\n<!-- \/module text -->\t        <\/div>\n\t    \t<\/div>\n\t\t    <\/div>\n\t    <!-- \/row_inner -->\n\t<\/div>\n\t<!-- \/module_row -->\n\t\t<!-- module_row -->\n\t<div  data-lazy=\"1\" class=\"module_row themify_builder_row repeat tb_muj7404 tf_clearfix\" >\n\t    \t\t<div class=\"row_inner col_align_middle gutter-none col-count-2 tf_box tf_w tf_rel\">\n\t\t\t<div  data-lazy=\"1\" class=\"module_column tb-column col4-1 first tb_pond404 tf_box\">\n\t\t\t    \t        <div class=\"tb-column-inner tf_box tf_w\">\n\t\t    <!-- module image -->\n<div  class=\"module module-image tb_cbqc404 rounded  image-center tf_mw\" data-lazy=\"1\">\n        <div class=\"image-wrap tf_rel tf_mw\">\n\t\t    <img loading=\"lazy\" width=\"264\" height=\"274\" src=\"https:\/\/mnssimulacion.cl\/wp-content\/uploads\/2024\/10\/Oscar_Tuero.png\" class=\"wp-post-image wp-image-2524\" title=\"Oscar_Tuero\" alt=\"Oscar_Tuero\" srcset=\"https:\/\/mnssimulacion.cl\/wp-content\/uploads\/2024\/10\/Oscar_Tuero.png 264w, https:\/\/mnssimulacion.cl\/wp-content\/uploads\/2024\/10\/Oscar_Tuero-12x12.png 12w\" sizes=\"(max-width: 264px) 100vw, 264px\" \/>\t\n\t\t<\/div>\n\t<!-- \/image-wrap -->\n    \n    \t<\/div>\n<!-- \/module image -->\t        <\/div>\n\t    \t<\/div>\n\t\t<div  data-lazy=\"1\" class=\"module_column tb-column col4-3 last tb_o3di405 tf_box\">\n\t\t\t    \t        <div class=\"tb-column-inner tf_box tf_w\">\n\t\t    <!-- module fancy heading -->\n<div  class=\"module module-fancy-heading tb_7gxl405  tb_hide_divider\" data-lazy=\"1\">\n        <h3 class=\"fancy-heading\">\n    <span class=\"main-head tf_block\">\n\t\t\t\t\tMNS Research Assistant completes Master Science Program\t\t    <\/span>\n\n\t\n    <span class=\"sub-head tf_block tf_rel\">\n\t\t\t\t\t\t\t    <\/span>\n    <\/h3>\n<\/div>\n<!-- \/module fancy heading -->\n<!-- module text -->\n<div  class=\"module module-text tb_1v64405  repeat\" data-lazy=\"1\">\n        <div  class=\"tb_text_wrap\">\n    <p><em>Monday, 28th\u00a0October 2024.<\/em><\/p>    <\/div>\n<\/div>\n<!-- \/module text --><!-- module text -->\n<div  class=\"module module-text tb_0qpd405  repeat\" data-lazy=\"1\">\n        <div  class=\"tb_text_wrap\">\n    <p><span data-olk-copy-source=\"MessageBody\">MNS research assistant \u00d3scar Tuero completed the Master of Science Program in Forests and Environment taught by the Universidad Austral de Chile. The title of his research work was \u201cEvaluation of artificial neural networks for the prediction of stem volumes in Pinus radiata D. Don plantations in Chile\u201d.<\/span><\/p>    <\/div>\n<\/div>\n<!-- \/module text -->\t        <\/div>\n\t    \t<\/div>\n\t\t    <\/div>\n\t    <!-- \/row_inner -->\n\t<\/div>\n\t<!-- \/module_row -->\n\t\t<!-- module_row -->\n\t<div  data-lazy=\"1\" class=\"module_row themify_builder_row repeat tb_ln3e338 tf_clearfix\" >\n\t    \t\t<div class=\"row_inner col_align_middle gutter-none col-count-2 tf_box tf_w tf_rel\">\n\t\t\t<div  data-lazy=\"1\" class=\"module_column tb-column col4-1 first tb_nrd3338 tf_box\">\n\t\t\t    \t        <div class=\"tb-column-inner tf_box tf_w\">\n\t\t    <!-- module image -->\n<div  class=\"module module-image tb_isc6338 rounded  image-center tf_mw\" data-lazy=\"1\">\n        <div class=\"image-wrap tf_rel tf_mw\">\n\t\t    <img loading=\"lazy\" width=\"382\" height=\"325\" src=\"https:\/\/mnssimulacion.cl\/wp-content\/uploads\/2024\/10\/IX_Congreso_Forestal_2024.png\" class=\"wp-post-image wp-image-2521\" title=\"IX_Congreso_Forestal_2024\" alt=\"IX_Congreso_Forestal_2024\" srcset=\"https:\/\/mnssimulacion.cl\/wp-content\/uploads\/2024\/10\/IX_Congreso_Forestal_2024.png 382w, https:\/\/mnssimulacion.cl\/wp-content\/uploads\/2024\/10\/IX_Congreso_Forestal_2024-300x255.png 300w, https:\/\/mnssimulacion.cl\/wp-content\/uploads\/2024\/10\/IX_Congreso_Forestal_2024-14x12.png 14w\" sizes=\"(max-width: 382px) 100vw, 382px\" \/>\t\n\t\t<\/div>\n\t<!-- \/image-wrap -->\n    \n    \t<\/div>\n<!-- \/module image -->\t        <\/div>\n\t    \t<\/div>\n\t\t<div  data-lazy=\"1\" class=\"module_column tb-column col4-3 last tb_589w338 tf_box\">\n\t\t\t    \t        <div class=\"tb-column-inner tf_box tf_w\">\n\t\t    <!-- module fancy heading -->\n<div  class=\"module module-fancy-heading tb_lfvp338  tb_hide_divider\" data-lazy=\"1\">\n        <h3 class=\"fancy-heading\">\n    <span class=\"main-head tf_block\">\n\t\t\t\t\tParticipation in the IX Chilean Congress of Forest Sciences\t\t    <\/span>\n\n\t\n    <span class=\"sub-head tf_block tf_rel\">\n\t\t\t\t\t\t\t    <\/span>\n    <\/h3>\n<\/div>\n<!-- \/module fancy heading -->\n<!-- module text -->\n<div  class=\"module module-text tb_sjp8338  repeat\" data-lazy=\"1\">\n        <div  class=\"tb_text_wrap\">\n    <p><em>Wednesday, 23rd October 2024.<\/em><\/p>    <\/div>\n<\/div>\n<!-- \/module text --><!-- module text -->\n<div  class=\"module module-text tb_5n3m338  repeat\" data-lazy=\"1\">\n        <div  class=\"tb_text_wrap\">\n    <p><span data-olk-copy-source=\"MessageBody\">The MNS made three oral presentations at IX Chilean Congress of Forest Sciences held at the Universidad Austral de Chile. \u00a0The themes of the presentations were the evaluation of \u00a0intensity and opportunity of thinning on stand growth, new methods for bole volume prediction and the application of artificial neural networks.<\/span><\/p>    <\/div>\n<\/div>\n<!-- \/module text -->\t        <\/div>\n\t    \t<\/div>\n\t\t    <\/div>\n\t    <!-- \/row_inner -->\n\t<\/div>\n\t<!-- \/module_row -->\n\t\t<!-- module_row -->\n\t<div  data-lazy=\"1\" class=\"module_row themify_builder_row repeat tb_o7kx482 tf_clearfix\" >\n\t    \t\t<div class=\"row_inner col_align_middle gutter-none col-count-2 tf_box tf_w tf_rel\">\n\t\t\t<div  data-lazy=\"1\" class=\"module_column tb-column col4-1 first tb_skh4483 tf_box\">\n\t\t\t    \t        <div class=\"tb-column-inner tf_box tf_w\">\n\t\t    <!-- module image -->\n<div  class=\"module module-image tb_qjtt483 rounded  image-center tf_mw\" data-lazy=\"1\">\n        <div class=\"image-wrap tf_rel tf_mw\">\n\t\t    <img loading=\"lazy\" width=\"645\" height=\"484\" src=\"https:\/\/mnssimulacion.cl\/wp-content\/uploads\/2024\/10\/thumbnail_image.png\" class=\"wp-post-image wp-image-2517\" title=\"thumbnail_image\" alt=\"thumbnail_image\" srcset=\"https:\/\/mnssimulacion.cl\/wp-content\/uploads\/2024\/10\/thumbnail_image.png 645w, https:\/\/mnssimulacion.cl\/wp-content\/uploads\/2024\/10\/thumbnail_image-300x225.png 300w, https:\/\/mnssimulacion.cl\/wp-content\/uploads\/2024\/10\/thumbnail_image-16x12.png 16w\" sizes=\"(max-width: 645px) 100vw, 645px\" \/>\t\n\t\t<\/div>\n\t<!-- \/image-wrap -->\n    \n    \t<\/div>\n<!-- \/module image -->\t        <\/div>\n\t    \t<\/div>\n\t\t<div  data-lazy=\"1\" class=\"module_column tb-column col4-3 last tb_8a61483 tf_box\">\n\t\t\t    \t        <div class=\"tb-column-inner tf_box tf_w\">\n\t\t    <!-- module fancy heading -->\n<div  class=\"module module-fancy-heading tb_onl1483  tb_hide_divider\" data-lazy=\"1\">\n        <h3 class=\"fancy-heading\">\n    <span class=\"main-head tf_block\">\n\t\t\t\t\tThird Advanced Workshop on the use of Growth Simulators\t\t    <\/span>\n\n\t\n    <span class=\"sub-head tf_block tf_rel\">\n\t\t\t\t\t\t\t    <\/span>\n    <\/h3>\n<\/div>\n<!-- \/module fancy heading -->\n<!-- module text -->\n<div  class=\"module module-text tb_qerm483  repeat\" data-lazy=\"1\">\n        <div  class=\"tb_text_wrap\">\n    <p><em>Thursday, 10th October 2024<\/em><\/p>    <\/div>\n<\/div>\n<!-- \/module text --><!-- module text -->\n<div  class=\"module module-text tb_5o39483  repeat\" data-lazy=\"1\">\n        <div  class=\"tb_text_wrap\">\n    <p><span data-olk-copy-source=\"MessageBody\">The MNS held the third advanced training workshop aimed at professionals from member companies on the use and application of INSIGNE and EUCASIM Simulators. Participants were trained in the use of a module for biomass estimation, a module for growth projections under climate change scenarios, and a module for economic analysis.<\/span><\/p>    <\/div>\n<\/div>\n<!-- \/module text -->\t        <\/div>\n\t    \t<\/div>\n\t\t    <\/div>\n\t    <!-- \/row_inner -->\n\t<\/div>\n\t<!-- \/module_row -->\n\t\t<!-- module_row -->\n\t<div  data-lazy=\"1\" class=\"module_row themify_builder_row repeat tb_w59q368 tf_clearfix\" >\n\t    \t\t<div class=\"row_inner col_align_middle gutter-none col-count-2 tf_box tf_w tf_rel\">\n\t\t\t<div  data-lazy=\"1\" class=\"module_column tb-column col4-1 first tb_n375369 tf_box\">\n\t\t\t    \t        <div class=\"tb-column-inner tf_box tf_w\">\n\t\t    <!-- module image -->\n<div  class=\"module module-image tb_iz0h369 rounded  image-center tf_mw\" data-lazy=\"1\">\n        <div class=\"image-wrap tf_rel tf_mw\">\n\t\t    <img loading=\"lazy\" width=\"537\" height=\"333\" src=\"https:\/\/mnssimulacion.cl\/wp-content\/uploads\/2024\/08\/visita_jose_martinez.png\" class=\"wp-post-image wp-image-2366\" title=\"Visita Jos\u00e9 Martinez\" alt=\"Visita Jos\u00e9 Martinez\" srcset=\"https:\/\/mnssimulacion.cl\/wp-content\/uploads\/2024\/08\/visita_jose_martinez.png 537w, https:\/\/mnssimulacion.cl\/wp-content\/uploads\/2024\/08\/visita_jose_martinez-300x186.png 300w, https:\/\/mnssimulacion.cl\/wp-content\/uploads\/2024\/08\/visita_jose_martinez-18x12.png 18w\" sizes=\"(max-width: 537px) 100vw, 537px\" \/>\t\n\t\t<\/div>\n\t<!-- \/image-wrap -->\n    \n    \t<\/div>\n<!-- \/module image -->\t        <\/div>\n\t    \t<\/div>\n\t\t<div  data-lazy=\"1\" class=\"module_column tb-column col4-3 last tb_7b1z369 tf_box\">\n\t\t\t    \t        <div class=\"tb-column-inner tf_box tf_w\">\n\t\t    <!-- module fancy heading -->\n<div  class=\"module module-fancy-heading tb_3xdi369  tb_hide_divider\" data-lazy=\"1\">\n        <h3 class=\"fancy-heading\">\n    <span class=\"main-head tf_block\">\n\t\t\t\t\tDirector of \u201cReforestemos M\u00e9xico\u201d visits MNS\t\t    <\/span>\n\n\t\n    <span class=\"sub-head tf_block tf_rel\">\n\t\t\t\t\t\t\t    <\/span>\n    <\/h3>\n<\/div>\n<!-- \/module fancy heading -->\n<!-- module text -->\n<div  class=\"module module-text tb_2qy7369  repeat\" data-lazy=\"1\">\n        <div  class=\"tb_text_wrap\">\n    <p><em>Wednesday, 21st August 2024.<\/em><\/p>    <\/div>\n<\/div>\n<!-- \/module text --><!-- module text -->\n<div  class=\"module module-text tb_pqld370  repeat\" data-lazy=\"1\">\n        <div  class=\"tb_text_wrap\">\n    <p class=\"translation-block\">Jos\u00e9 Carlos Mart\u00ednez, Director of Innovation for <a href=\"https:\/\/www.reforestamosmexico.org\" target=\"_self\">\u201cReforestamos M\u00e9xico\u201d<\/a> visited the National Model Simulation Center (MNS). The capabilities and uses of the simulation systems developed by the MNS for the management of forest plantations were presented.<\/p>    <\/div>\n<\/div>\n<!-- \/module text -->\t        <\/div>\n\t    \t<\/div>\n\t\t    <\/div>\n\t    <!-- \/row_inner -->\n\t<\/div>\n\t<!-- \/module_row -->\n\t\t<!-- module_row -->\n\t<div  data-lazy=\"1\" class=\"module_row themify_builder_row repeat tb_t5x7282 tf_clearfix\" >\n\t    \t\t<div class=\"row_inner col_align_middle gutter-none col-count-2 tf_box tf_w tf_rel\">\n\t\t\t<div  data-lazy=\"1\" class=\"module_column tb-column col4-1 first tb_dlq3282 tf_box\">\n\t\t\t    \t        <div class=\"tb-column-inner tf_box tf_w\">\n\t\t    <!-- module image -->\n<div  class=\"module module-image tb_71ei282 rounded  image-center tf_mw\" data-lazy=\"1\">\n        <div class=\"image-wrap tf_rel tf_mw\">\n\t\t    <img loading=\"lazy\" width=\"1600\" height=\"901\" src=\"https:\/\/mnssimulacion.cl\/wp-content\/uploads\/2024\/08\/Taller_Capacitacion_Avanzado_2.jpeg\" class=\"wp-post-image wp-image-2363\" title=\"Taller Capacitaci\u00f3n Avanzado\" alt=\"Taller Capacitaci\u00f3n Avanzado\" srcset=\"https:\/\/mnssimulacion.cl\/wp-content\/uploads\/2024\/08\/Taller_Capacitacion_Avanzado_2.jpeg 1600w, https:\/\/mnssimulacion.cl\/wp-content\/uploads\/2024\/08\/Taller_Capacitacion_Avanzado_2-300x169.jpeg 300w, https:\/\/mnssimulacion.cl\/wp-content\/uploads\/2024\/08\/Taller_Capacitacion_Avanzado_2-1024x577.jpeg 1024w, https:\/\/mnssimulacion.cl\/wp-content\/uploads\/2024\/08\/Taller_Capacitacion_Avanzado_2-768x432.jpeg 768w, https:\/\/mnssimulacion.cl\/wp-content\/uploads\/2024\/08\/Taller_Capacitacion_Avanzado_2-1536x865.jpeg 1536w, https:\/\/mnssimulacion.cl\/wp-content\/uploads\/2024\/08\/Taller_Capacitacion_Avanzado_2-18x10.jpeg 18w\" sizes=\"(max-width: 1600px) 100vw, 1600px\" \/>\t\n\t\t<\/div>\n\t<!-- \/image-wrap -->\n    \n    \t<\/div>\n<!-- \/module image -->\t        <\/div>\n\t    \t<\/div>\n\t\t<div  data-lazy=\"1\" class=\"module_column tb-column col4-3 last tb_a9in282 tf_box\">\n\t\t\t    \t        <div class=\"tb-column-inner tf_box tf_w\">\n\t\t    <!-- module fancy heading -->\n<div  class=\"module module-fancy-heading tb_260b282  tb_hide_divider\" data-lazy=\"1\">\n        <h3 class=\"fancy-heading\">\n    <span class=\"main-head tf_block\">\n\t\t\t\t\tSecond Workshop for the use of Simulators\t\t    <\/span>\n\n\t\n    <span class=\"sub-head tf_block tf_rel\">\n\t\t\t\t\t\t\t    <\/span>\n    <\/h3>\n<\/div>\n<!-- \/module fancy heading -->\n<!-- module text -->\n<div  class=\"module module-text tb_7bfd282  repeat\" data-lazy=\"1\">\n        <div  class=\"tb_text_wrap\">\n    <p><em>Thursday, 8tt August 2024<\/em><\/p>    <\/div>\n<\/div>\n<!-- \/module text --><!-- module text -->\n<div  class=\"module module-text tb_70bb282  repeat\" data-lazy=\"1\">\n        <div  class=\"tb_text_wrap\">\n    <p>The MNS held the second advanced training workshop aimed at professionals from member companies on the use and application of the INSIGNE and EUCASIM Simulators. This workshop is part of the annual user training program.<\/p>    <\/div>\n<\/div>\n<!-- \/module text -->\t        <\/div>\n\t    \t<\/div>\n\t\t    <\/div>\n\t    <!-- \/row_inner -->\n\t<\/div>\n\t<!-- \/module_row -->\n\t\t<!-- module_row -->\n\t<div  data-lazy=\"1\" class=\"module_row themify_builder_row repeat tb_qf34587 tf_clearfix\" >\n\t    \t\t<div class=\"row_inner col_align_middle gutter-none col-count-2 tf_box tf_w tf_rel\">\n\t\t\t<div  data-lazy=\"1\" class=\"module_column tb-column col4-1 first tb_h72r588 tf_box\">\n\t\t\t    \t        <div class=\"tb-column-inner tf_box tf_w\">\n\t\t    <!-- module image -->\n<div  class=\"module module-image tb_2ya1588 rounded  image-center tf_mw\" data-lazy=\"1\">\n        <div class=\"image-wrap tf_rel tf_mw\">\n\t\t    <img loading=\"lazy\" width=\"561\" height=\"316\" src=\"https:\/\/mnssimulacion.cl\/wp-content\/uploads\/2024\/05\/taller_banco_central.png\" class=\"wp-post-image wp-image-2166\" title=\"Taller Banco Centralizado\" alt=\"Taller Banco Centralizado\" srcset=\"https:\/\/mnssimulacion.cl\/wp-content\/uploads\/2024\/05\/taller_banco_central.png 561w, https:\/\/mnssimulacion.cl\/wp-content\/uploads\/2024\/05\/taller_banco_central-300x169.png 300w, https:\/\/mnssimulacion.cl\/wp-content\/uploads\/2024\/05\/taller_banco_central-18x10.png 18w\" sizes=\"(max-width: 561px) 100vw, 561px\" \/>\t\n\t\t<\/div>\n\t<!-- \/image-wrap -->\n    \n    \t<\/div>\n<!-- \/module image -->\t        <\/div>\n\t    \t<\/div>\n\t\t<div  data-lazy=\"1\" class=\"module_column tb-column col4-3 last tb_mbrv588 tf_box\">\n\t\t\t    \t        <div class=\"tb-column-inner tf_box tf_w\">\n\t\t    <!-- module fancy heading -->\n<div  class=\"module module-fancy-heading tb_wf8f588  tb_hide_divider\" data-lazy=\"1\">\n        <h3 class=\"fancy-heading\">\n    <span class=\"main-head tf_block\">\n\t\t\t\t\tNew centralized database management system\t\t    <\/span>\n\n\t\n    <span class=\"sub-head tf_block tf_rel\">\n\t\t\t\t\t\t\t    <\/span>\n    <\/h3>\n<\/div>\n<!-- \/module fancy heading -->\n<!-- module text -->\n<div  class=\"module module-text tb_0i20588  repeat\" data-lazy=\"1\">\n        <div  class=\"tb_text_wrap\">\n    <p><em>Thursday, 25th April 2024.<\/em><\/p>    <\/div>\n<\/div>\n<!-- \/module text --><!-- module text -->\n<div  class=\"module module-text tb_de5l588  repeat\" data-lazy=\"1\">\n        <div  class=\"tb_text_wrap\">\n    <p>The MNS held an internal training workshop on the new database management system. This system will be networked allowing users to store, consult, validate, and manage the entire tree-level measurement information including network of trials and permanent plots and historical forest inventory plots.<\/p>    <\/div>\n<\/div>\n<!-- \/module text -->\t        <\/div>\n\t    \t<\/div>\n\t\t    <\/div>\n\t    <!-- \/row_inner -->\n\t<\/div>\n\t<!-- \/module_row -->\n\t\t<!-- module_row -->\n\t<div  data-lazy=\"1\" class=\"module_row themify_builder_row repeat tb_pf9y39 tf_clearfix\" >\n\t    \t\t<div class=\"row_inner col_align_middle gutter-none col-count-2 tf_box tf_w tf_rel\">\n\t\t\t<div  data-lazy=\"1\" class=\"module_column tb-column col4-1 first tb_olv739 tf_box\">\n\t\t\t    \t        <div class=\"tb-column-inner tf_box tf_w\">\n\t\t    <!-- module image -->\n<div  class=\"module module-image tb_cs4239 rounded  image-center tf_mw\" data-lazy=\"1\">\n        <div class=\"image-wrap tf_rel tf_mw\">\n\t\t    <img loading=\"lazy\" width=\"495\" height=\"370\" src=\"https:\/\/mnssimulacion.cl\/wp-content\/uploads\/2024\/04\/2024_abril_12_manejos_renovales.jpg\" class=\"wp-post-image wp-image-2128\" title=\"2024_abril_12_manejos_renovales\" alt=\"2024_abril_12_manejos_renovales\" srcset=\"https:\/\/mnssimulacion.cl\/wp-content\/uploads\/2024\/04\/2024_abril_12_manejos_renovales.jpg 495w, https:\/\/mnssimulacion.cl\/wp-content\/uploads\/2024\/04\/2024_abril_12_manejos_renovales-300x224.jpg 300w, https:\/\/mnssimulacion.cl\/wp-content\/uploads\/2024\/04\/2024_abril_12_manejos_renovales-16x12.jpg 16w\" sizes=\"(max-width: 495px) 100vw, 495px\" \/>\t\n\t\t<\/div>\n\t<!-- \/image-wrap -->\n    \n    \t<\/div>\n<!-- \/module image -->\t        <\/div>\n\t    \t<\/div>\n\t\t<div  data-lazy=\"1\" class=\"module_column tb-column col4-3 last tb_5t9j39 tf_box\">\n\t\t\t    \t        <div class=\"tb-column-inner tf_box tf_w\">\n\t\t    <!-- module fancy heading -->\n<div  class=\"module module-fancy-heading tb_4noo39  tb_hide_divider\" data-lazy=\"1\">\n        <h3 class=\"fancy-heading\">\n    <span class=\"main-head tf_block\">\n\t\t\t\t\tManagement of native second growth forests.\t\t    <\/span>\n\n\t\n    <span class=\"sub-head tf_block tf_rel\">\n\t\t\t\t\t\t\t    <\/span>\n    <\/h3>\n<\/div>\n<!-- \/module fancy heading -->\n<!-- module text -->\n<div  class=\"module module-text tb_33yi40  repeat\" data-lazy=\"1\">\n        <div  class=\"tb_text_wrap\">\n    <p><em>Friday, 12th April 2024.<\/em><\/p>    <\/div>\n<\/div>\n<!-- \/module text --><!-- module text -->\n<div  class=\"module module-text tb_ku1440  repeat\" data-lazy=\"1\">\n        <div  class=\"tb_text_wrap\">\n    <p>The MNS Technical Committee visited the Malalcaballo property located close to Los Lagos city (Los R\u00edos Region). This activity was coordinated by CONAF, and the purpose was to learn and discuss about operational management experiences in second-growth forests of Roble-Raul\u00ed-Coig\u00fce (RO-RA-CO) to guide the future development of the simulator NATIVO.\u00a0\u00a0<\/p>    <\/div>\n<\/div>\n<!-- \/module text -->\t        <\/div>\n\t    \t<\/div>\n\t\t    <\/div>\n\t    <!-- \/row_inner -->\n\t<\/div>\n\t<!-- \/module_row -->\n\t\t<!-- module_row -->\n\t<div  data-lazy=\"1\" class=\"module_row themify_builder_row repeat tb_1brn944 tf_clearfix\" >\n\t    \t\t<div class=\"row_inner col_align_middle gutter-none col-count-2 tf_box tf_w tf_rel\">\n\t\t\t<div  data-lazy=\"1\" class=\"module_column tb-column col4-1 first tb_911i944 tf_box\">\n\t\t\t    \t        <div class=\"tb-column-inner tf_box tf_w\">\n\t\t    <!-- module image -->\n<div  class=\"module module-image tb_za40944 rounded  image-center tf_mw\" data-lazy=\"1\">\n        <div class=\"image-wrap tf_rel tf_mw\">\n\t\t    <img loading=\"lazy\" width=\"520\" height=\"376\" src=\"https:\/\/mnssimulacion.cl\/wp-content\/uploads\/2024\/04\/2024_abril_11_presidenta.jpg\" class=\"wp-post-image wp-image-2127\" title=\"2024_abril_11_presidenta\" alt=\"2024_abril_11_presidenta\" srcset=\"https:\/\/mnssimulacion.cl\/wp-content\/uploads\/2024\/04\/2024_abril_11_presidenta.jpg 520w, https:\/\/mnssimulacion.cl\/wp-content\/uploads\/2024\/04\/2024_abril_11_presidenta-300x217.jpg 300w, https:\/\/mnssimulacion.cl\/wp-content\/uploads\/2024\/04\/2024_abril_11_presidenta-18x12.jpg 18w\" sizes=\"(max-width: 520px) 100vw, 520px\" \/>\t\n\t\t<\/div>\n\t<!-- \/image-wrap -->\n    \n    \t<\/div>\n<!-- \/module image -->\t        <\/div>\n\t    \t<\/div>\n\t\t<div  data-lazy=\"1\" class=\"module_column tb-column col4-3 last tb_w862945 tf_box\">\n\t\t\t    \t        <div class=\"tb-column-inner tf_box tf_w\">\n\t\t    <!-- module fancy heading -->\n<div  class=\"module module-fancy-heading tb_65zk945  tb_hide_divider\" data-lazy=\"1\">\n        <h3 class=\"fancy-heading\">\n    <span class=\"main-head tf_block\">\n\t\t\t\t\tNew President of the MNS Board of Directors\t\t    <\/span>\n\n\t\n    <span class=\"sub-head tf_block tf_rel\">\n\t\t\t\t\t\t\t    <\/span>\n    <\/h3>\n<\/div>\n<!-- \/module fancy heading -->\n<!-- module text -->\n<div  class=\"module module-text tb_v9sf945  repeat\" data-lazy=\"1\">\n        <div  class=\"tb_text_wrap\">\n    <p><em>Thursday, 11th April 2024.<\/em><\/p>    <\/div>\n<\/div>\n<!-- \/module text --><!-- module text -->\n<div  class=\"module module-text tb_zlhl945  repeat\" data-lazy=\"1\">\n        <div  class=\"tb_text_wrap\">\n    <p>During the session of the MNS Board of Directors held in Valdivia on April 11, Mrs. Mariana Lobel (representative of CAMBIUM), was unanimously elected as new president for the period 2024-2026. The previous president was Mr. Julio Becker, representative of Forestal Mininco. Our best wishes for success to Mariana and our sincere thanks to Julio for his permanent support during his presidency.<\/p>    <\/div>\n<\/div>\n<!-- \/module text -->\t        <\/div>\n\t    \t<\/div>\n\t\t    <\/div>\n\t    <!-- \/row_inner -->\n\t<\/div>\n\t<!-- \/module_row -->\n\t\t<!-- module_row -->\n\t<div  data-lazy=\"1\" class=\"module_row themify_builder_row repeat tb_p1v8312 tf_clearfix\" >\n\t    \t\t<div class=\"row_inner col_align_middle gutter-none col-count-2 tf_box tf_w tf_rel\">\n\t\t\t<div  data-lazy=\"1\" class=\"module_column tb-column col4-1 first tb_v3bl313 repeat tf_box\">\n\t\t\t    \t        <div class=\"tb-column-inner tf_box tf_w\">\n\t\t    <!-- module image -->\n<div  class=\"module module-image tb_16l8313 rounded  image-center tf_mw\" data-lazy=\"1\">\n        <div class=\"image-wrap tf_rel tf_mw\">\n\t\t    <img loading=\"lazy\" width=\"544\" height=\"370\" src=\"https:\/\/mnssimulacion.cl\/wp-content\/uploads\/2024\/04\/2024_abril_11_directorio.jpg\" class=\"wp-post-image wp-image-2126\" title=\"2024_abril_11_directorio\" alt=\"2024_abril_11_directorio\" srcset=\"https:\/\/mnssimulacion.cl\/wp-content\/uploads\/2024\/04\/2024_abril_11_directorio.jpg 544w, https:\/\/mnssimulacion.cl\/wp-content\/uploads\/2024\/04\/2024_abril_11_directorio-300x204.jpg 300w, https:\/\/mnssimulacion.cl\/wp-content\/uploads\/2024\/04\/2024_abril_11_directorio-18x12.jpg 18w\" sizes=\"(max-width: 544px) 100vw, 544px\" \/>\t\n\t\t<\/div>\n\t<!-- \/image-wrap -->\n    \n    \t<\/div>\n<!-- \/module image -->\t        <\/div>\n\t    \t<\/div>\n\t\t<div  data-lazy=\"1\" class=\"module_column tb-column col4-3 last tb_1pp4313 tf_box\">\n\t\t\t    \t        <div class=\"tb-column-inner tf_box tf_w\">\n\t\t    <!-- module fancy heading -->\n<div  class=\"module module-fancy-heading tb_lv9u314  tb_hide_divider\" data-lazy=\"1\">\n        <h3 class=\"fancy-heading\">\n    <span class=\"main-head tf_block\">\n\t\t\t\t\tMNS Board of Director met in Valdivia\t\t    <\/span>\n\n\t\n    <span class=\"sub-head tf_block tf_rel\">\n\t\t\t\t\t\t\t    <\/span>\n    <\/h3>\n<\/div>\n<!-- \/module fancy heading -->\n<!-- module text -->\n<div  class=\"module module-text tb_b716314  repeat\" data-lazy=\"1\">\n        <div  class=\"tb_text_wrap\">\n    <p><em>Thursday, 11th April 2024.<\/em><\/p>    <\/div>\n<\/div>\n<!-- \/module text --><!-- module text -->\n<div  class=\"module module-text tb_klil314  repeat\" data-lazy=\"1\">\n        <div  class=\"tb_text_wrap\">\n    <p>The second annual meeting of the MNS Board of Directors was held in Valdivia at the Faculty of Forestry Sciences and Natural Resources of the Austral University of Chile. Along with the review of the 2024 work program, Ms. Mariana Lobel, representative of CAMBIUM, was elected as the new president of the Board of Directors for the period 2024-2026. <a href=\"http:\/\/www.cambiumsa.com\/es\">CAMBIUM<\/a>\u00a0<\/p>    <\/div>\n<\/div>\n<!-- \/module text -->\t        <\/div>\n\t    \t<\/div>\n\t\t    <\/div>\n\t    <!-- \/row_inner -->\n\t<\/div>\n\t<!-- \/module_row -->\n\t\t<!-- module_row -->\n\t<div  data-lazy=\"1\" class=\"module_row themify_builder_row repeat tb_fbii954 tf_clearfix\" >\n\t    \t\t<div class=\"row_inner col_align_middle gutter-none col-count-2 tf_box tf_w tf_rel\">\n\t\t\t<div  data-lazy=\"1\" class=\"module_column tb-column col4-1 first tb_ziep955 tf_box\">\n\t\t\t    \t        <div class=\"tb-column-inner tf_box tf_w\">\n\t\t    <!-- module image -->\n<div  class=\"module module-image tb_37sz955 rounded  image-center tf_mw\" data-lazy=\"1\">\n        <div class=\"image-wrap tf_rel tf_mw\">\n\t\t    <img loading=\"lazy\" width=\"440\" height=\"280\" src=\"https:\/\/mnssimulacion.cl\/wp-content\/uploads\/2024\/04\/2024_marzo_29_estudiantes.jpg\" class=\"wp-post-image wp-image-2125\" title=\"2024_marzo_29_estudiantes\" alt=\"2024_marzo_29_estudiantes\" srcset=\"https:\/\/mnssimulacion.cl\/wp-content\/uploads\/2024\/04\/2024_marzo_29_estudiantes.jpg 440w, https:\/\/mnssimulacion.cl\/wp-content\/uploads\/2024\/04\/2024_marzo_29_estudiantes-300x191.jpg 300w, https:\/\/mnssimulacion.cl\/wp-content\/uploads\/2024\/04\/2024_marzo_29_estudiantes-18x12.jpg 18w\" sizes=\"(max-width: 440px) 100vw, 440px\" \/>\t\n\t\t<\/div>\n\t<!-- \/image-wrap -->\n    \n    \t<\/div>\n<!-- \/module image -->\t        <\/div>\n\t    \t<\/div>\n\t\t<div  data-lazy=\"1\" class=\"module_column tb-column col4-3 last tb_99x8955 tf_box\">\n\t\t\t    \t        <div class=\"tb-column-inner tf_box tf_w\">\n\t\t    <!-- module fancy heading -->\n<div  class=\"module module-fancy-heading tb_2oy4955  tb_hide_divider\" data-lazy=\"1\">\n        <h3 class=\"fancy-heading\">\n    <span class=\"main-head tf_block\">\n\t\t\t\t\tNew Undergraduate Students: UACh and UDEC\t\t    <\/span>\n\n\t\n    <span class=\"sub-head tf_block tf_rel\">\n\t\t\t\t\t\t\t    <\/span>\n    <\/h3>\n<\/div>\n<!-- \/module fancy heading -->\n<!-- module text -->\n<div  class=\"module module-text tb_bwpi956  repeat\" data-lazy=\"1\">\n        <div  class=\"tb_text_wrap\">\n    <p><em>Friday, 29th March 2024.<\/em><\/p>    <\/div>\n<\/div>\n<!-- \/module text --><!-- module text -->\n<div  class=\"module module-text tb_1mcx956  repeat\" data-lazy=\"1\">\n        <div  class=\"tb_text_wrap\">\n    <p>Starting this semester, Leandro Chaura from the Universidad Austral de Chile and Catalina Orellana from the University of Concepci\u00f3n have joined the MNS work team as undergraduate students. Both will develop their degree work with data and technical assistance from the MNS.<\/p>    <\/div>\n<\/div>\n<!-- \/module text -->\t        <\/div>\n\t    \t<\/div>\n\t\t    <\/div>\n\t    <!-- \/row_inner -->\n\t<\/div>\n\t<!-- \/module_row -->\n\t\t<!-- module_row -->\n\t<div  data-lazy=\"1\" class=\"module_row themify_builder_row repeat tb_3kuu871 tf_clearfix\" >\n\t    \t\t<div class=\"row_inner col_align_middle gutter-none col-count-2 tf_box tf_w tf_rel\">\n\t\t\t<div  data-lazy=\"1\" class=\"module_column tb-column col4-1 first tb_g7yh872 tf_box\">\n\t\t\t    \t        <div class=\"tb-column-inner tf_box tf_w\">\n\t\t    <!-- module image -->\n<div  class=\"module module-image tb_4hs9872 rounded  image-center tf_mw\" data-lazy=\"1\">\n        <div class=\"image-wrap tf_rel tf_mw\">\n\t\t    <img loading=\"lazy\" width=\"690\" height=\"387\" src=\"https:\/\/mnssimulacion.cl\/wp-content\/uploads\/2024\/04\/2024_marzo_13_visita_ensayos.jpg\" class=\"wp-post-image wp-image-2124\" title=\"2024_marzo_13_visita_ensayos\" alt=\"2024_marzo_13_visita_ensayos\" srcset=\"https:\/\/mnssimulacion.cl\/wp-content\/uploads\/2024\/04\/2024_marzo_13_visita_ensayos.jpg 690w, https:\/\/mnssimulacion.cl\/wp-content\/uploads\/2024\/04\/2024_marzo_13_visita_ensayos-300x168.jpg 300w, https:\/\/mnssimulacion.cl\/wp-content\/uploads\/2024\/04\/2024_marzo_13_visita_ensayos-18x10.jpg 18w\" sizes=\"(max-width: 690px) 100vw, 690px\" \/>\t\n\t\t<\/div>\n\t<!-- \/image-wrap -->\n    \n    \t<\/div>\n<!-- \/module image -->\t        <\/div>\n\t    \t<\/div>\n\t\t<div  data-lazy=\"1\" class=\"module_column tb-column col4-3 last tb_odsj872 tf_box\">\n\t\t\t    \t        <div class=\"tb-column-inner tf_box tf_w\">\n\t\t    <!-- module fancy heading -->\n<div  class=\"module module-fancy-heading tb_cgl8872  tb_hide_divider\" data-lazy=\"1\">\n        <h3 class=\"fancy-heading\">\n    <span class=\"main-head tf_block\">\n\t\t\t\t\tVisit of silvicultural trials\t\t    <\/span>\n\n\t\n    <span class=\"sub-head tf_block tf_rel\">\n\t\t\t\t\t\t\t    <\/span>\n    <\/h3>\n<\/div>\n<!-- \/module fancy heading -->\n<!-- module text -->\n<div  class=\"module module-text tb_b3lv872  repeat\" data-lazy=\"1\">\n        <div  class=\"tb_text_wrap\">\n    <p><i>Wednesday, 13th March 2024.<\/i><\/p>    <\/div>\n<\/div>\n<!-- \/module text --><!-- module text -->\n<div  class=\"module module-text tb_t5bx872  repeat\" data-lazy=\"1\">\n        <div  class=\"tb_text_wrap\">\n    <p>The MNS Technical Committee visited two silvicultural management trials for radiata pine: Rucacalqu\u00edn and Nihuinco, both managed by Forestal Mininco. Based on the results obtained at the age of 20 years, the most effective silvicultural practices of pruning and thinning for high productivity sites were discussed.<\/p>    <\/div>\n<\/div>\n<!-- \/module text -->\t        <\/div>\n\t    \t<\/div>\n\t\t    <\/div>\n\t    <!-- \/row_inner -->\n\t<\/div>\n\t<!-- \/module_row -->\n\t\t<!-- module_row -->\n\t<div  data-lazy=\"1\" class=\"module_row themify_builder_row repeat tb_61nt785 tf_clearfix\" >\n\t    \t\t<div class=\"row_inner col_align_middle gutter-none col-count-2 tf_box tf_w tf_rel\">\n\t\t\t<div  data-lazy=\"1\" class=\"module_column tb-column col4-1 first tb_u8vd785 tf_box\">\n\t\t\t    \t        <div class=\"tb-column-inner tf_box tf_w\">\n\t\t    <!-- module image -->\n<div  class=\"module module-image tb_hih2785 rounded  image-center tf_mw\" data-lazy=\"1\">\n        <div class=\"image-wrap tf_rel tf_mw\">\n\t\t    <img loading=\"lazy\" width=\"185\" height=\"90\" src=\"https:\/\/mnssimulacion.cl\/wp-content\/uploads\/2024\/04\/FSPLatam.jpg\" class=\"wp-post-image wp-image-2078\" title=\"FSPLatam\" alt=\"FSPLatam\" srcset=\"https:\/\/mnssimulacion.cl\/wp-content\/uploads\/2024\/04\/FSPLatam.jpg 185w, https:\/\/mnssimulacion.cl\/wp-content\/uploads\/2024\/04\/FSPLatam-18x9.jpg 18w\" sizes=\"(max-width: 185px) 100vw, 185px\" \/>\t\n\t\t<\/div>\n\t<!-- \/image-wrap -->\n    \n    \t<\/div>\n<!-- \/module image -->\t        <\/div>\n\t    \t<\/div>\n\t\t<div  data-lazy=\"1\" class=\"module_column tb-column col4-3 last tb_8b4k785 tf_box\">\n\t\t\t    \t        <div class=\"tb-column-inner tf_box tf_w\">\n\t\t    <!-- module fancy heading -->\n<div  class=\"module module-fancy-heading tb_xfzt785  tb_hide_divider\" data-lazy=\"1\">\n        <h3 class=\"fancy-heading\">\n    <span class=\"main-head tf_block\">\n\t\t\t\t\tNew Full Member: Forest Service Provider (FSP)\t\t    <\/span>\n\n\t\n    <span class=\"sub-head tf_block tf_rel\">\n\t\t\t\t\t\t\t    <\/span>\n    <\/h3>\n<\/div>\n<!-- \/module fancy heading -->\n<!-- module text -->\n<div  class=\"module module-text tb_9l0j785  repeat\" data-lazy=\"1\">\n        <div  class=\"tb_text_wrap\">\n    <p><em>Monday, 1st March 2024.<\/em><\/p>    <\/div>\n<\/div>\n<!-- \/module text --><!-- module text -->\n<div  class=\"module module-text tb_2vi9785  repeat\" data-lazy=\"1\">\n        <div  class=\"tb_text_wrap\">\n    <p>We welcome FSP Latam, a new full member of the MNS. FSP is a company that currently manages a forest plantation heritage of 34,000 ha for Forest Investmente Associate (FIA).<\/p>    <\/div>\n<\/div>\n<!-- \/module text -->\t        <\/div>\n\t    \t<\/div>\n\t\t    <\/div>\n\t    <!-- \/row_inner -->\n\t<\/div>\n\t<!-- \/module_row -->\n\t\t<!-- module_row -->\n\t<div  data-lazy=\"1\" class=\"module_row themify_builder_row repeat tb_kmei2 tf_clearfix\" >\n\t    \t\t<div class=\"row_inner col_align_middle gutter-none col-count-2 tf_box tf_w tf_rel\">\n\t\t\t<div  data-lazy=\"1\" class=\"module_column tb-column col4-1 first tb_dji52 tf_box\">\n\t\t\t    \t        <div class=\"tb-column-inner tf_box tf_w\">\n\t\t    <!-- module image -->\n<div  class=\"module module-image tb_h3k62 rounded  image-center tf_mw\" data-lazy=\"1\">\n        <div class=\"image-wrap tf_rel tf_mw\">\n\t\t    <img loading=\"lazy\" width=\"600\" height=\"600\" src=\"https:\/\/mnssimulacion.cl\/wp-content\/uploads\/2024\/01\/Logo-AF-2021_600x600.jpg\" class=\"wp-post-image wp-image-2037\" title=\"Logo AF 2021_600x600\" alt=\"Logo AF 2021_600x600\" srcset=\"https:\/\/mnssimulacion.cl\/wp-content\/uploads\/2024\/01\/Logo-AF-2021_600x600.jpg 600w, https:\/\/mnssimulacion.cl\/wp-content\/uploads\/2024\/01\/Logo-AF-2021_600x600-300x300.jpg 300w, https:\/\/mnssimulacion.cl\/wp-content\/uploads\/2024\/01\/Logo-AF-2021_600x600-150x150.jpg 150w, https:\/\/mnssimulacion.cl\/wp-content\/uploads\/2024\/01\/Logo-AF-2021_600x600-12x12.jpg 12w\" sizes=\"(max-width: 600px) 100vw, 600px\" \/>\t\n\t\t<\/div>\n\t<!-- \/image-wrap -->\n    \n    \t<\/div>\n<!-- \/module image -->\t        <\/div>\n\t    \t<\/div>\n\t\t<div  data-lazy=\"1\" class=\"module_column tb-column col4-3 last tb_yqwv2 tf_box\">\n\t\t\t    \t        <div class=\"tb-column-inner tf_box tf_w\">\n\t\t    <!-- module fancy heading -->\n<div  class=\"module module-fancy-heading tb_fs6p2  tb_hide_divider\" data-lazy=\"1\">\n        <h3 class=\"fancy-heading\">\n    <span class=\"main-head tf_block\">\n\t\t\t\t\tNew Associate Member: Agroempresa Forestal Chile (AF Chile)\t\t    <\/span>\n\n\t\n    <span class=\"sub-head tf_block tf_rel\">\n\t\t\t\t\t\t\t    <\/span>\n    <\/h3>\n<\/div>\n<!-- \/module fancy heading -->\n<!-- module text -->\n<div  class=\"module module-text tb_xi1r2  repeat\" data-lazy=\"1\">\n        <div  class=\"tb_text_wrap\">\n    <p><em>Monday, 1st March 2024.<\/em><\/p>    <\/div>\n<\/div>\n<!-- \/module text --><!-- module text -->\n<div  class=\"module module-text tb_s8d52  repeat\" data-lazy=\"1\">\n        <div  class=\"tb_text_wrap\">\n    <p>We welcome to Agroempresa Forestal Chile, new associate member of the MNS. AF is a company operating in Uruguay, Brazil and Chile dedicated to the management of forestry assets and services. In Chile, the company manages a heritage of forest plantations of 5,300 hectares, mainly of Eucalyptus nitens.\u00a0<\/p>    <\/div>\n<\/div>\n<!-- \/module text -->\t        <\/div>\n\t    \t<\/div>\n\t\t    <\/div>\n\t    <!-- \/row_inner -->\n\t<\/div>\n\t<!-- \/module_row -->\n\t\t<!-- module_row -->\n\t<div  data-lazy=\"1\" class=\"module_row themify_builder_row repeat tb_3frz880 tf_clearfix\" >\n\t    \t\t<div class=\"row_inner col_align_middle gutter-none col-count-2 tf_box tf_w tf_rel\">\n\t\t\t<div  data-lazy=\"1\" class=\"module_column tb-column col4-1 first tb_di4v880 tf_box\">\n\t\t\t    \t        <div class=\"tb-column-inner tf_box tf_w\">\n\t\t    <!-- module image -->\n<div  class=\"module module-image tb_d3e3880 rounded  image-center tf_mw\" data-lazy=\"1\">\n        <div class=\"image-wrap tf_rel tf_mw\">\n\t\t    <img loading=\"lazy\" width=\"1156\" height=\"651\" src=\"https:\/\/mnssimulacion.cl\/wp-content\/uploads\/2023\/11\/WhatsApp-Image-2023-11-09-at-16.24.09.jpeg\" class=\"wp-post-image wp-image-1912\" title=\"WhatsApp Image 2023-11-09 at 16.24.09\" alt=\"WhatsApp Image 2023-11-09 at 16.24.09\" srcset=\"https:\/\/mnssimulacion.cl\/wp-content\/uploads\/2023\/11\/WhatsApp-Image-2023-11-09-at-16.24.09.jpeg 1156w, https:\/\/mnssimulacion.cl\/wp-content\/uploads\/2023\/11\/WhatsApp-Image-2023-11-09-at-16.24.09-300x169.jpeg 300w, https:\/\/mnssimulacion.cl\/wp-content\/uploads\/2023\/11\/WhatsApp-Image-2023-11-09-at-16.24.09-1024x577.jpeg 1024w, https:\/\/mnssimulacion.cl\/wp-content\/uploads\/2023\/11\/WhatsApp-Image-2023-11-09-at-16.24.09-768x432.jpeg 768w, https:\/\/mnssimulacion.cl\/wp-content\/uploads\/2023\/11\/WhatsApp-Image-2023-11-09-at-16.24.09-18x10.jpeg 18w\" sizes=\"(max-width: 1156px) 100vw, 1156px\" \/>\t\n\t\t<\/div>\n\t<!-- \/image-wrap -->\n    \n    \t<\/div>\n<!-- \/module image -->\t        <\/div>\n\t    \t<\/div>\n\t\t<div  data-lazy=\"1\" class=\"module_column tb-column col4-3 last tb_48ry880 tf_box\">\n\t\t\t    \t        <div class=\"tb-column-inner tf_box tf_w\">\n\t\t    <!-- module fancy heading -->\n<div  class=\"module module-fancy-heading tb_dil5880  tb_hide_divider\" data-lazy=\"1\">\n        <h3 class=\"fancy-heading\">\n    <span class=\"main-head tf_block\">\n\t\t\t\t\tFirst training course for CONAF\t\t    <\/span>\n\n\t\n    <span class=\"sub-head tf_block tf_rel\">\n\t\t\t\t\t\t\t    <\/span>\n    <\/h3>\n<\/div>\n<!-- \/module fancy heading -->\n<!-- module text -->\n<div  class=\"module module-text tb_hl3j880  repeat\" data-lazy=\"1\">\n        <div  class=\"tb_text_wrap\">\n    <p><em>Thursday, November 9, 2023<\/em><\/p>    <\/div>\n<\/div>\n<!-- \/module text --><!-- module text -->\n<div  class=\"module module-text tb_b8l3880  repeat\" data-lazy=\"1\">\n        <div  class=\"tb_text_wrap\">\n    <p>The National Simulation Model (MNS) gave a first training course on the use of the developed growth and yield simulators to CONAF. Attendants were professionals from the \u00d1uble and Biob\u00edo regions and the main goal was to promote for small and medium size forest landowner an efficient and sustainable forest management in Chile.\u00a0\u00a0<\/p>    <\/div>\n<\/div>\n<!-- \/module text -->\t        <\/div>\n\t    \t<\/div>\n\t\t    <\/div>\n\t    <!-- \/row_inner -->\n\t<\/div>\n\t<!-- \/module_row -->\n\t\t<!-- module_row -->\n\t<div  data-lazy=\"1\" class=\"module_row themify_builder_row repeat tb_z86j684 tf_clearfix\" >\n\t    \t\t<div class=\"row_inner col_align_middle gutter-none col-count-2 tf_box tf_w tf_rel\">\n\t\t\t<div  data-lazy=\"1\" class=\"module_column tb-column col4-1 first tb_gzqf684 tf_box\">\n\t\t\t    \t        <div class=\"tb-column-inner tf_box tf_w\">\n\t\t    <!-- module image -->\n<div  class=\"module module-image tb_4tmq684 rounded  image-center tf_mw\" data-lazy=\"1\">\n        <div class=\"image-wrap tf_rel tf_mw\">\n\t\t    <img loading=\"lazy\" width=\"433\" height=\"325\" src=\"https:\/\/mnssimulacion.cl\/wp-content\/uploads\/2023\/11\/comitiva_mexicanos.png\" class=\"wp-post-image wp-image-1928\" title=\"comitiva_mexicanos\" alt=\"comitiva_mexicanos\" srcset=\"https:\/\/mnssimulacion.cl\/wp-content\/uploads\/2023\/11\/comitiva_mexicanos.png 433w, https:\/\/mnssimulacion.cl\/wp-content\/uploads\/2023\/11\/comitiva_mexicanos-300x225.png 300w, https:\/\/mnssimulacion.cl\/wp-content\/uploads\/2023\/11\/comitiva_mexicanos-16x12.png 16w\" sizes=\"(max-width: 433px) 100vw, 433px\" \/>\t\n\t\t<\/div>\n\t<!-- \/image-wrap -->\n    \n    \t<\/div>\n<!-- \/module image -->\t        <\/div>\n\t    \t<\/div>\n\t\t<div  data-lazy=\"1\" class=\"module_column tb-column col4-3 last tb_ath2685 tf_box\">\n\t\t\t    \t        <div class=\"tb-column-inner tf_box tf_w\">\n\t\t    <!-- module fancy heading -->\n<div  class=\"module module-fancy-heading tb_vzht685  tb_hide_divider\" data-lazy=\"1\">\n        <h3 class=\"fancy-heading\">\n    <span class=\"main-head tf_block\">\n\t\t\t\t\tMexican professionals visit long-term study.\u00a0\t\t    <\/span>\n\n\t\n    <span class=\"sub-head tf_block tf_rel\">\n\t\t\t\t\t\t\t    <\/span>\n    <\/h3>\n<\/div>\n<!-- \/module fancy heading -->\n<!-- module text -->\n<div  class=\"module module-text tb_mjes685  repeat\" data-lazy=\"1\">\n        <div  class=\"tb_text_wrap\">\n    <p><em>Tuesday, October 24, 2023<\/em><\/p>    <\/div>\n<\/div>\n<!-- \/module text --><!-- module text -->\n<div  class=\"module module-text tb_u4zk521  repeat\" data-lazy=\"1\">\n        <div  class=\"tb_text_wrap\">\n    <p>A delegation of 15 Mexican professionals learned about the management of forest plantations in Chile. One of the visits was the Nihuinco trial corresponding  to a long-term study maintained by Forestal Mininco to understand the effect of thinning and pruning on tree growth.<\/p>    <\/div>\n<\/div>\n<!-- \/module text -->\t        <\/div>\n\t    \t<\/div>\n\t\t    <\/div>\n\t    <!-- \/row_inner -->\n\t<\/div>\n\t<!-- \/module_row -->\n\t\t<!-- module_row -->\n\t<div  data-lazy=\"1\" class=\"module_row themify_builder_row repeat tb_lhge349 tf_clearfix\" >\n\t    \t\t<div class=\"row_inner col_align_middle gutter-none col-count-2 tf_box tf_w tf_rel\">\n\t\t\t<div  data-lazy=\"1\" class=\"module_column tb-column col4-1 first tb_2n0j349 tf_box\">\n\t\t\t    \t        <div class=\"tb-column-inner tf_box tf_w\">\n\t\t    <!-- module image -->\n<div  class=\"module module-image tb_wnfc349 rounded  image-center tf_mw\" data-lazy=\"1\">\n        <div class=\"image-wrap tf_rel tf_mw\">\n\t\t    <img loading=\"lazy\" width=\"545\" height=\"436\" src=\"https:\/\/mnssimulacion.cl\/wp-content\/uploads\/2023\/11\/U_Esparta_Turquia.png\" class=\"wp-post-image wp-image-1935\" title=\"U_Esparta_Turquia\" alt=\"U_Esparta_Turquia\" srcset=\"https:\/\/mnssimulacion.cl\/wp-content\/uploads\/2023\/11\/U_Esparta_Turquia.png 545w, https:\/\/mnssimulacion.cl\/wp-content\/uploads\/2023\/11\/U_Esparta_Turquia-300x240.png 300w, https:\/\/mnssimulacion.cl\/wp-content\/uploads\/2023\/11\/U_Esparta_Turquia-15x12.png 15w\" sizes=\"(max-width: 545px) 100vw, 545px\" \/>\t\n\t\t<\/div>\n\t<!-- \/image-wrap -->\n    \n    \t<\/div>\n<!-- \/module image -->\t        <\/div>\n\t    \t<\/div>\n\t\t<div  data-lazy=\"1\" class=\"module_column tb-column col4-3 last tb_daed350 tf_box\">\n\t\t\t    \t        <div class=\"tb-column-inner tf_box tf_w\">\n\t\t    <!-- module fancy heading -->\n<div  class=\"module module-fancy-heading tb_cjct350  tb_hide_divider\" data-lazy=\"1\">\n        <h3 class=\"fancy-heading\">\n    <span class=\"main-head tf_block\">\n\t\t\t\t\tWorkshop on Forest Modeling at the Isparta University (Turkey). \t\t    <\/span>\n\n\t\n    <span class=\"sub-head tf_block tf_rel\">\n\t\t\t\t\t\t\t    <\/span>\n    <\/h3>\n<\/div>\n<!-- \/module fancy heading -->\n<!-- module text -->\n<div  class=\"module module-text tb_a934350  repeat\" data-lazy=\"1\">\n        <div  class=\"tb_text_wrap\">\n    <p><i>Monday, October 9, 2023<\/i><\/p>\n<p>Guillermo Trincado taught a forest modeling course at the Isparta University of Applied Sciences in Turkey. This course presented the development and practical use of simulation models for radiata pine and eucalyptus sp. plantations in Chile.\u00a0<\/p>    <\/div>\n<\/div>\n<!-- \/module text -->\t        <\/div>\n\t    \t<\/div>\n\t\t    <\/div>\n\t    <!-- \/row_inner -->\n\t<\/div>\n\t<!-- \/module_row -->\n\t\t<!-- module_row -->\n\t<div  data-lazy=\"1\" class=\"module_row themify_builder_row repeat tb_bw5f676 tf_clearfix\" >\n\t    \t\t<div class=\"row_inner col_align_middle gutter-none col-count-2 tf_box tf_w tf_rel\">\n\t\t\t<div  data-lazy=\"1\" class=\"module_column tb-column col4-1 first tb_jndr676 tf_box\">\n\t\t\t    \t        <div class=\"tb-column-inner tf_box tf_w\">\n\t\t    <!-- module image -->\n<div  class=\"module module-image tb_v5a2676 rounded  image-center tf_mw\" data-lazy=\"1\">\n        <div class=\"image-wrap tf_rel tf_mw\">\n\t\t    <img loading=\"lazy\" width=\"422\" height=\"317\" src=\"https:\/\/mnssimulacion.cl\/wp-content\/uploads\/2023\/09\/Taller_Modelamiento.png\" class=\"wp-post-image wp-image-1871\" title=\"Taller_Modelamiento\" alt=\"Taller_Modelamiento\" srcset=\"https:\/\/mnssimulacion.cl\/wp-content\/uploads\/2023\/09\/Taller_Modelamiento.png 422w, https:\/\/mnssimulacion.cl\/wp-content\/uploads\/2023\/09\/Taller_Modelamiento-300x225.png 300w, https:\/\/mnssimulacion.cl\/wp-content\/uploads\/2023\/09\/Taller_Modelamiento-16x12.png 16w\" sizes=\"(max-width: 422px) 100vw, 422px\" \/>\t\n\t\t<\/div>\n\t<!-- \/image-wrap -->\n    \n    \t<\/div>\n<!-- \/module image -->\t        <\/div>\n\t    \t<\/div>\n\t\t<div  data-lazy=\"1\" class=\"module_column tb-column col4-3 last tb_cvq1676 tf_box\">\n\t\t\t    \t        <div class=\"tb-column-inner tf_box tf_w\">\n\t\t    <!-- module fancy heading -->\n<div  class=\"module module-fancy-heading tb_jxck676  tb_hide_divider\" data-lazy=\"1\">\n        <h3 class=\"fancy-heading\">\n    <span class=\"main-head tf_block\">\n\t\t\t\t\tWorkshop on Forest Modeling\t\t    <\/span>\n\n\t\n    <span class=\"sub-head tf_block tf_rel\">\n\t\t\t\t\t\t\t    <\/span>\n    <\/h3>\n<\/div>\n<!-- \/module fancy heading -->\n<!-- module text -->\n<div  class=\"module module-text tb_55cy676  repeat\" data-lazy=\"1\">\n        <div  class=\"tb_text_wrap\">\n    <p><i>Thursday, September 14, 2023<\/i><\/p>\n<p>A workshop on forest modeling was organised by the MNS and held in the Faculty of Forest Sciences and Natural Resources at the Universidad Austral de Chile (09.14.2023). This workshop was given by Dr. Ramazan Ozcelik from the Isparta University of Applied Sciences (Turkey). It was intended to provide an overview of new approaches for developing taper and height-diameter models, including mixed-effects modeling and quantile regression.\u00a0<span class=\"markbwq6djhj1\" data-markjs=\"true\" data-ogac=\"\" data-ogab=\"\" data-ogsc=\"\" data-ogsb=\"\">Ramazan<\/span>\u00a0Ozcelik de la Isparta University of Applied Sciences (Turqu\u00eda). Tuvo como principal objetivo describir nuevas metodolog\u00edas para la construcci\u00f3n de modelos fustales y de altura-di\u00e1metro, que incluyeron t\u00e9cnicas de modelamientos de efectos mixtos y regresi\u00f3n cuant\u00edlica.\u00a0<\/p>    <\/div>\n<\/div>\n<!-- \/module text -->\t        <\/div>\n\t    \t<\/div>\n\t\t    <\/div>\n\t    <!-- \/row_inner -->\n\t<\/div>\n\t<!-- \/module_row -->\n\t\t<!-- module_row -->\n\t<div  data-lazy=\"1\" class=\"module_row themify_builder_row repeat tb_mmqy555 tf_clearfix\" >\n\t    \t\t<div class=\"row_inner col_align_middle gutter-none col-count-2 tf_box tf_w tf_rel\">\n\t\t\t<div  data-lazy=\"1\" class=\"module_column tb-column col4-1 first tb_fjhb555 tf_box\">\n\t\t\t    \t        <div class=\"tb-column-inner tf_box tf_w\">\n\t\t    <!-- module image -->\n<div  class=\"module module-image tb_c97a555   image-center tf_mw\" data-lazy=\"1\">\n        <div class=\"image-wrap tf_rel tf_mw\">\n\t\t    <img loading=\"lazy\" width=\"3125\" height=\"752\" src=\"https:\/\/mnssimulacion.cl\/wp-content\/uploads\/2023\/08\/AdForst_Grande.png\" class=\"wp-post-image wp-image-1810\" title=\"AdForst_Grande\" alt=\"AdForst_Grande\" srcset=\"https:\/\/mnssimulacion.cl\/wp-content\/uploads\/2023\/08\/AdForst_Grande.png 3125w, https:\/\/mnssimulacion.cl\/wp-content\/uploads\/2023\/08\/AdForst_Grande-300x72.png 300w, https:\/\/mnssimulacion.cl\/wp-content\/uploads\/2023\/08\/AdForst_Grande-1024x246.png 1024w, https:\/\/mnssimulacion.cl\/wp-content\/uploads\/2023\/08\/AdForst_Grande-768x185.png 768w, https:\/\/mnssimulacion.cl\/wp-content\/uploads\/2023\/08\/AdForst_Grande-1536x370.png 1536w, https:\/\/mnssimulacion.cl\/wp-content\/uploads\/2023\/08\/AdForst_Grande-2048x493.png 2048w, https:\/\/mnssimulacion.cl\/wp-content\/uploads\/2023\/08\/AdForst_Grande-18x4.png 18w\" sizes=\"(max-width: 3125px) 100vw, 3125px\" \/>\t\n\t\t<\/div>\n\t<!-- \/image-wrap -->\n    \n    \t<\/div>\n<!-- \/module image -->\t        <\/div>\n\t    \t<\/div>\n\t\t<div  data-lazy=\"1\" class=\"module_column tb-column col4-3 last tb_bsqs555 tf_box\">\n\t\t\t    \t        <div class=\"tb-column-inner tf_box tf_w\">\n\t\t    <!-- module fancy heading -->\n<div  class=\"module module-fancy-heading tb_hf9q555  tb_hide_divider\" data-lazy=\"1\">\n        <h3 class=\"fancy-heading\">\n    <span class=\"main-head tf_block\">\n\t\t\t\t\tNew Associate Member\t\t    <\/span>\n\n\t\n    <span class=\"sub-head tf_block tf_rel\">\n\t\t\t\t\t\t\t    <\/span>\n    <\/h3>\n<\/div>\n<!-- \/module fancy heading -->\n<!-- module text -->\n<div  class=\"module module-text tb_iqfv555  repeat\" data-lazy=\"1\">\n        <div  class=\"tb_text_wrap\">\n    <p>We welcome ADForst, a new associate member of the National Simulation Model Center (MNS). ADForst is a company that manages a forest plantation heritage of 9,000 ha for investment funds. Through this incorporation, the collaborative and long-term work carried out by the MNS is strengthened.\u00a0<\/p>    <\/div>\n<\/div>\n<!-- \/module text -->\t        <\/div>\n\t    \t<\/div>\n\t\t    <\/div>\n\t    <!-- \/row_inner -->\n\t<\/div>\n\t<!-- \/module_row -->\n\t\t<!-- module_row -->\n\t<div  data-lazy=\"1\" class=\"module_row themify_builder_row repeat tb_s0xq805 tf_clearfix\" >\n\t    \t\t<div class=\"row_inner col_align_middle gutter-none col-count-2 tf_box tf_w tf_rel\">\n\t\t\t<div  data-lazy=\"1\" class=\"module_column tb-column col4-1 first tb_2l4s805 tf_box\">\n\t\t\t    \t        <div class=\"tb-column-inner tf_box tf_w\">\n\t\t    <!-- module image -->\n<div  class=\"module module-image tb_qd72805 rounded  image-center tf_mw\" data-lazy=\"1\">\n        <div class=\"image-wrap tf_rel tf_mw\">\n\t\t    <img loading=\"lazy\" width=\"410\" height=\"307\" src=\"https:\/\/mnssimulacion.cl\/wp-content\/uploads\/2023\/08\/Conaf_Tanume_29062023.png\" class=\"wp-post-image wp-image-1811\" title=\"Conaf_Tanume_29062023\" alt=\"Conaf_Tanume_29062023\" srcset=\"https:\/\/mnssimulacion.cl\/wp-content\/uploads\/2023\/08\/Conaf_Tanume_29062023.png 410w, https:\/\/mnssimulacion.cl\/wp-content\/uploads\/2023\/08\/Conaf_Tanume_29062023-300x225.png 300w, https:\/\/mnssimulacion.cl\/wp-content\/uploads\/2023\/08\/Conaf_Tanume_29062023-16x12.png 16w\" sizes=\"(max-width: 410px) 100vw, 410px\" \/>\t\n\t\t<\/div>\n\t<!-- \/image-wrap -->\n    \n    \t<\/div>\n<!-- \/module image -->\t        <\/div>\n\t    \t<\/div>\n\t\t<div  data-lazy=\"1\" class=\"module_column tb-column col4-3 last tb_q3g1805 tf_box\">\n\t\t\t    \t        <div class=\"tb-column-inner tf_box tf_w\">\n\t\t    <!-- module fancy heading -->\n<div  class=\"module module-fancy-heading tb_229b805  tb_hide_divider\" data-lazy=\"1\">\n        <h3 class=\"fancy-heading\">\n    <span class=\"main-head tf_block\">\n\t\t\t\t\tTraining of Measurement Protocols for CONAF \t\t    <\/span>\n\n\t\n    <span class=\"sub-head tf_block tf_rel\">\n\t\t\t\t\t\t\t    <\/span>\n    <\/h3>\n<\/div>\n<!-- \/module fancy heading -->\n<!-- module text -->\n<div  class=\"module module-text tb_ho7v805  repeat\" data-lazy=\"1\">\n        <div  class=\"tb_text_wrap\">\n    <p><em>Monday, June 26, 2023\u00a0<\/em><\/p>    <\/div>\n<\/div>\n<!-- \/module text --><!-- module text -->\n<div  class=\"module module-text tb_x2im75  repeat\" data-lazy=\"1\">\n        <div  class=\"tb_text_wrap\">\n    <p>A training program on installation and remeasurement protocols for permanent plots was completed recently for a total of 21 CONAF forestry professionals and extensionist agents. This training program covered from the Valpara\u00edso to the Los Lagos Regions. The activities were carried out in facilities provided by the TANUM\u00c9 Experimental Center of CONAF (06.29.2023) and the CEFOR Forestry Experimental Center (08.03.2023) of the Universidad Austral de Chile.\u00a0<\/p>    <\/div>\n<\/div>\n<!-- \/module text -->\t        <\/div>\n\t    \t<\/div>\n\t\t    <\/div>\n\t    <!-- \/row_inner -->\n\t<\/div>\n\t<!-- \/module_row -->\n\t\t<!-- module_row -->\n\t<div  data-lazy=\"1\" class=\"module_row themify_builder_row repeat tb_715j925 tf_clearfix\" >\n\t    \t\t<div class=\"row_inner col_align_middle gutter-none col-count-2 tf_box tf_w tf_rel\">\n\t\t\t<div  data-lazy=\"1\" class=\"module_column tb-column col4-1 first tb_0p2f925 tf_box\">\n\t\t\t    \t        <div class=\"tb-column-inner tf_box tf_w\">\n\t\t    <!-- module image -->\n<div  class=\"module module-image tb_op7y925   image-center tf_mw\" data-lazy=\"1\">\n        <div class=\"image-wrap tf_rel tf_mw\">\n\t\t    <img loading=\"lazy\" width=\"400\" height=\"300\" src=\"https:\/\/mnssimulacion.cl\/wp-content\/uploads\/2023\/03\/ceremonia_academica2023.png\" class=\"wp-post-image wp-image-1655\" title=\"ceremonia_academica2023\" alt=\"ceremonia_academica2023\" srcset=\"https:\/\/mnssimulacion.cl\/wp-content\/uploads\/2023\/03\/ceremonia_academica2023.png 400w, https:\/\/mnssimulacion.cl\/wp-content\/uploads\/2023\/03\/ceremonia_academica2023-300x225.png 300w, https:\/\/mnssimulacion.cl\/wp-content\/uploads\/2023\/03\/ceremonia_academica2023-16x12.png 16w\" sizes=\"(max-width: 400px) 100vw, 400px\" \/>\t\n\t\t<\/div>\n\t<!-- \/image-wrap -->\n    \n    \t<\/div>\n<!-- \/module image -->\t        <\/div>\n\t    \t<\/div>\n\t\t<div  data-lazy=\"1\" class=\"module_column tb-column col4-3 last tb_1854925 tf_box\">\n\t\t\t    \t        <div class=\"tb-column-inner tf_box tf_w\">\n\t\t    <!-- module fancy heading -->\n<div  class=\"module module-fancy-heading tb_mi5x925  tb_hide_divider\" data-lazy=\"1\">\n        <h3 class=\"fancy-heading\">\n    <span class=\"main-head tf_block\">\n\t\t\t\t\tNew Academic version of Growth Simulators: INSIGNE &amp; EUCASIM\t\t    <\/span>\n\n\t\n    <span class=\"sub-head tf_block tf_rel\">\n\t\t\t\t\t\t\t    <\/span>\n    <\/h3>\n<\/div>\n<!-- \/module fancy heading -->\n<!-- module text -->\n<div  class=\"module module-text tb_rzb7926  repeat\" data-lazy=\"1\">\n        <div  class=\"tb_text_wrap\">\n    <p><em>Thursday, March 23, 2023<\/em><\/p>    <\/div>\n<\/div>\n<!-- \/module text --><!-- module text -->\n<div  class=\"module module-text tb_hc5i0  repeat\" data-lazy=\"1\">\n        <div  class=\"tb_text_wrap\">\n    <p>On Thursday, March 23, a new academic version of the INSIGNE and EUCASIM simulators was delivered at the Facultad de Ciencias Forestales  of the Universidad de Concepci\u00f3n to all the Universities that offer the Forestry Engineering Degree in Chile: Universidad de Chile, Pontificia Universidad Cat\u00f3lica, Universidad Mayor, Universidad de Ays\u00e9n, Universidad Austral de Chile and Universidad de Concepci\u00f3n. This contribution is intended to support the academic training of new professionals in the use of modern simulation tools.\u00a0<\/p>    <\/div>\n<\/div>\n<!-- \/module text -->\t        <\/div>\n\t    \t<\/div>\n\t\t    <\/div>\n\t    <!-- \/row_inner -->\n\t<\/div>\n\t<!-- \/module_row -->\n\t\t<!-- module_row -->\n\t<div  data-lazy=\"1\" class=\"module_row themify_builder_row repeat tb_gqsa800 tf_clearfix\" >\n\t    \t\t<div class=\"row_inner col_align_middle gutter-none col-count-2 tf_box tf_w tf_rel\">\n\t\t\t<div  data-lazy=\"1\" class=\"module_column tb-column col4-1 first tb_q15w801 tf_box\">\n\t\t\t    \t        <div class=\"tb-column-inner tf_box tf_w\">\n\t\t    <!-- module image -->\n<div  class=\"module module-image tb_jols801   image-center tf_mw\" data-lazy=\"1\">\n        <div class=\"image-wrap tf_rel tf_mw\">\n\t\t    <img loading=\"lazy\" width=\"332\" height=\"324\" src=\"https:\/\/mnssimulacion.cl\/wp-content\/uploads\/2023\/03\/Picture2.png\" class=\"wp-post-image wp-image-1604\" title=\"Picture2\" alt=\"Picture2\" srcset=\"https:\/\/mnssimulacion.cl\/wp-content\/uploads\/2023\/03\/Picture2.png 332w, https:\/\/mnssimulacion.cl\/wp-content\/uploads\/2023\/03\/Picture2-300x293.png 300w, https:\/\/mnssimulacion.cl\/wp-content\/uploads\/2023\/03\/Picture2-12x12.png 12w\" sizes=\"(max-width: 332px) 100vw, 332px\" \/>\t\n\t\t<\/div>\n\t<!-- \/image-wrap -->\n    \n    \t<\/div>\n<!-- \/module image -->\t        <\/div>\n\t    \t<\/div>\n\t\t<div  data-lazy=\"1\" class=\"module_column tb-column col4-3 last tb_ahsf801 tf_box\">\n\t\t\t    \t        <div class=\"tb-column-inner tf_box tf_w\">\n\t\t    <!-- module fancy heading -->\n<div  class=\"module module-fancy-heading tb_eacm801  tb_hide_divider\" data-lazy=\"1\">\n        <h3 class=\"fancy-heading\">\n    <span class=\"main-head tf_block\">\n\t\t\t\t\tMaster's Student Incorporation\t\t    <\/span>\n\n\t\n    <span class=\"sub-head tf_block tf_rel\">\n\t\t\t\t\t\t\t    <\/span>\n    <\/h3>\n<\/div>\n<!-- \/module fancy heading -->\n<!-- module text -->\n<div  class=\"module module-text tb_s26v801  repeat\" data-lazy=\"1\">\n        <div  class=\"tb_text_wrap\">\n    <p>This semester, Mr. \u00d3scar Tuero, a Mexican national, has joined the MNS as a research assistant. He will begin postgraduate studies in the Master's Program in Sciences Mention Forests and Environment dictated by the Austral University of Chile. Mr. Tuero is the first student to receive due to studies granted by the MNS.<\/p>    <\/div>\n<\/div>\n<!-- \/module text -->\t        <\/div>\n\t    \t<\/div>\n\t\t    <\/div>\n\t    <!-- \/row_inner -->\n\t<\/div>\n\t<!-- \/module_row -->\n\t\t<!-- module_row -->\n\t<div  data-lazy=\"1\" class=\"module_row themify_builder_row repeat tb_yywq711 tf_clearfix\" >\n\t    \t\t<div class=\"row_inner col_align_middle gutter-none col-count-2 tf_box tf_w tf_rel\">\n\t\t\t<div  data-lazy=\"1\" class=\"module_column tb-column col4-1 first tb_1mgz712 tf_box\">\n\t\t\t    \t        <div class=\"tb-column-inner tf_box tf_w\">\n\t\t    <!-- module image -->\n<div  class=\"module module-image tb_htbn712   image-center tf_mw\" data-lazy=\"1\">\n        <div class=\"image-wrap tf_rel tf_mw\">\n\t\t    <img loading=\"lazy\" width=\"210\" height=\"210\" src=\"https:\/\/mnssimulacion.cl\/wp-content\/uploads\/2023\/03\/Picture1.png\" class=\"wp-post-image wp-image-1602\" title=\"Picture1\" alt=\"Picture1\" srcset=\"https:\/\/mnssimulacion.cl\/wp-content\/uploads\/2023\/03\/Picture1.png 210w, https:\/\/mnssimulacion.cl\/wp-content\/uploads\/2023\/03\/Picture1-150x150.png 150w, https:\/\/mnssimulacion.cl\/wp-content\/uploads\/2023\/03\/Picture1-12x12.png 12w\" sizes=\"(max-width: 210px) 100vw, 210px\" \/>\t\n\t\t<\/div>\n\t<!-- \/image-wrap -->\n    \n    \t<\/div>\n<!-- \/module image -->\t        <\/div>\n\t    \t<\/div>\n\t\t<div  data-lazy=\"1\" class=\"module_column tb-column col4-3 last tb_g988712 tf_box\">\n\t\t\t    \t        <div class=\"tb-column-inner tf_box tf_w\">\n\t\t    <!-- module fancy heading -->\n<div  class=\"module module-fancy-heading tb_6g33712  tb_hide_divider\" data-lazy=\"1\">\n        <h3 class=\"fancy-heading\">\n    <span class=\"main-head tf_block\">\n\t\t\t\t\tNew Associate Researcher in the Statistical-Mathematical area\t\t    <\/span>\n\n\t\n    <span class=\"sub-head tf_block tf_rel\">\n\t\t\t\t\t\t\t    <\/span>\n    <\/h3>\n<\/div>\n<!-- \/module fancy heading -->\n<!-- module text -->\n<div  class=\"module module-text tb_dfr8712  repeat\" data-lazy=\"1\">\n        <div  class=\"tb_text_wrap\">\n    <p>Dr. Luis S\u00e1nchez, an academic from the Faculty of Economic and Administrative Sciences of the Austral University of Chile, has joined as an associate researcher. Dr S\u00e1nchez is a Mathematical Engineer with a Master's in Statistical Methods from the University of Valpara\u00edso (2013) and a PhD in Mathematics from the Universidad de la Frontera (2020). Its incorporation will enhance the quantitative capabilities of data analysis and construction of predictive models<\/p>    <\/div>\n<\/div>\n<!-- \/module text -->\t        <\/div>\n\t    \t<\/div>\n\t\t    <\/div>\n\t    <!-- \/row_inner -->\n\t<\/div>\n\t<!-- \/module_row -->\n\t\t<!-- module_row -->\n\t<div  data-lazy=\"1\" class=\"module_row themify_builder_row repeat tb_qpxe343 tf_clearfix\" >\n\t    \t\t<div class=\"row_inner col_align_middle gutter-none col-count-2 tf_box tf_w tf_rel\">\n\t\t\t<div  data-lazy=\"1\" class=\"module_column tb-column col4-1 first tb_iun7343 tf_box\">\n\t\t\t    \t        <div class=\"tb-column-inner tf_box tf_w\">\n\t\t    <!-- module image -->\n<div  class=\"module module-image tb_zmpe343   image-center tf_mw\" data-lazy=\"1\">\n        <div class=\"image-wrap tf_rel tf_mw\">\n\t\t    <img loading=\"lazy\" width=\"387\" height=\"244\" src=\"https:\/\/mnssimulacion.cl\/wp-content\/uploads\/2022\/10\/bn_span3_noticias_2022sept_taller_2.png\" class=\"wp-post-image wp-image-1487\" title=\"bn_span3_noticias_2022sept_taller_2\" alt=\"bn_span3_noticias_2022sept_taller_2\" srcset=\"https:\/\/mnssimulacion.cl\/wp-content\/uploads\/2022\/10\/bn_span3_noticias_2022sept_taller_2.png 387w, https:\/\/mnssimulacion.cl\/wp-content\/uploads\/2022\/10\/bn_span3_noticias_2022sept_taller_2-300x189.png 300w, https:\/\/mnssimulacion.cl\/wp-content\/uploads\/2022\/10\/bn_span3_noticias_2022sept_taller_2-18x12.png 18w\" sizes=\"(max-width: 387px) 100vw, 387px\" \/>\t\n\t\t<\/div>\n\t<!-- \/image-wrap -->\n    \n    \t<\/div>\n<!-- \/module image -->\t        <\/div>\n\t    \t<\/div>\n\t\t<div  data-lazy=\"1\" class=\"module_column tb-column col4-3 last tb_ij79343 tf_box\">\n\t\t\t    \t        <div class=\"tb-column-inner tf_box tf_w\">\n\t\t    <!-- module fancy heading -->\n<div  class=\"module module-fancy-heading tb_qrxf344  tb_hide_divider\" data-lazy=\"1\">\n        <h3 class=\"fancy-heading\">\n    <span class=\"main-head tf_block\">\n\t\t\t\t\tTaller de Capacitaci\u00f3n: M\u00f3dulo Evaluaci\u00f3n Econ\u00f3mica\t\t    <\/span>\n\n\t\n    <span class=\"sub-head tf_block tf_rel\">\n\t\t\t\t\t\t\t    <\/span>\n    <\/h3>\n<\/div>\n<!-- \/module fancy heading -->\n<!-- module text -->\n<div  class=\"module module-text tb_n7t4344  repeat\" data-lazy=\"1\">\n        <div  class=\"tb_text_wrap\">\n    <p><em>Friday, September 29, 2022<\/em><\/p>    <\/div>\n<\/div>\n<!-- \/module text --><!-- module text -->\n<div  class=\"module module-text tb_ncys95  repeat\" data-lazy=\"1\">\n        <div  class=\"tb_text_wrap\">\n    <p>El Centro Modelo Nacional de Simulaci\u00f3n (MNS), realiz\u00f3 un taller profesional el d\u00eda 29 de septiembre 2022, cuyo objetivo principal fue capacitar a los usuarios de los simuladores en las nuevas herramientas implementadas para evaluaci\u00f3n econ\u00f3mica de decisiones silv\u00edcolas en plantaciones de Pinus radiata (D. Don) y Eucaliptus spp. Los instructores fueron la Dra. Rosa Mar\u00eda Alzamora y el Ing. en Sistemas Sr. Christian Loayza.<\/p>    <\/div>\n<\/div>\n<!-- \/module text -->\t        <\/div>\n\t    \t<\/div>\n\t\t    <\/div>\n\t    <!-- \/row_inner -->\n\t<\/div>\n\t<!-- \/module_row -->\n\t\t<!-- module_row -->\n\t<div  data-lazy=\"1\" class=\"module_row themify_builder_row repeat tb_rhvi729 tf_clearfix\" >\n\t    \t\t<div class=\"row_inner col_align_middle gutter-none col-count-2 tf_box tf_w tf_rel\">\n\t\t\t<div  data-lazy=\"1\" class=\"module_column tb-column col4-1 first tb_2142729 tf_box\">\n\t\t\t    \t        <div class=\"tb-column-inner tf_box tf_w\">\n\t\t    <!-- module image -->\n<div  class=\"module module-image tb_0ab8730   image-center tf_mw\" data-lazy=\"1\">\n        <div class=\"image-wrap tf_rel tf_mw\">\n\t\t    <img loading=\"lazy\" width=\"363\" height=\"227\" src=\"https:\/\/mnssimulacion.cl\/wp-content\/uploads\/2022\/10\/bn_span3_noticias_2022sept_taller_1.png\" class=\"wp-post-image wp-image-1485\" title=\"bn_span3_noticias_2022sept_taller_1\" alt=\"bn_span3_noticias_2022sept_taller_1\" srcset=\"https:\/\/mnssimulacion.cl\/wp-content\/uploads\/2022\/10\/bn_span3_noticias_2022sept_taller_1.png 363w, https:\/\/mnssimulacion.cl\/wp-content\/uploads\/2022\/10\/bn_span3_noticias_2022sept_taller_1-300x188.png 300w, https:\/\/mnssimulacion.cl\/wp-content\/uploads\/2022\/10\/bn_span3_noticias_2022sept_taller_1-18x12.png 18w\" sizes=\"(max-width: 363px) 100vw, 363px\" \/>\t\n\t\t<\/div>\n\t<!-- \/image-wrap -->\n    \n    \t<\/div>\n<!-- \/module image -->\t        <\/div>\n\t    \t<\/div>\n\t\t<div  data-lazy=\"1\" class=\"module_column tb-column col4-3 last tb_n14b730 tf_box\">\n\t\t\t    \t        <div class=\"tb-column-inner tf_box tf_w\">\n\t\t    <!-- module fancy heading -->\n<div  class=\"module module-fancy-heading tb_gg03730  tb_hide_divider\" data-lazy=\"1\">\n        <h3 class=\"fancy-heading\">\n    <span class=\"main-head tf_block\">\n\t\t\t\t\tTaller de Capacitaci\u00f3n: M\u00f3dulo Cambio Clim\u00e1tico\t\t    <\/span>\n\n\t\n    <span class=\"sub-head tf_block tf_rel\">\n\t\t\t\t\t\t\t    <\/span>\n    <\/h3>\n<\/div>\n<!-- \/module fancy heading -->\n<!-- module text -->\n<div  class=\"module module-text tb_8xdb731  repeat\" data-lazy=\"1\">\n        <div  class=\"tb_text_wrap\">\n    <p><em>\u00a0Thursday, September 1, 2022<\/em><\/p>    <\/div>\n<\/div>\n<!-- \/module text --><!-- module text -->\n<div  class=\"module module-text tb_wpm2590  repeat\" data-lazy=\"1\">\n        <div  class=\"tb_text_wrap\">\n    <p>El Centro Modelo Nacional de Simulaci\u00f3n (MNS) realiz\u00f3 el d\u00eda 1 de Septiembre 2022 un taller de capacitaci\u00f3n cuyo objetivo fue mostrar las nuevas herramientas implementadas para modelar el efecto de cambio clim\u00e1tico sobre el crecimiento de las plantaciones de Pino radiata en Chile. En esta oportunidad los instructores de la capacitaci\u00f3n fueron el Sr. Christian Loayza, Sr. Carlos Valenzuela y Sr. Guillermo Trincado.<\/p>    <\/div>\n<\/div>\n<!-- \/module text -->\t        <\/div>\n\t    \t<\/div>\n\t\t    <\/div>\n\t    <!-- \/row_inner -->\n\t<\/div>\n\t<!-- \/module_row -->\n\t\t<!-- module_row -->\n\t<div  data-lazy=\"1\" class=\"module_row themify_builder_row repeat tb_o6nt533 tf_clearfix\" >\n\t    \t\t<div class=\"row_inner col_align_middle gutter-none col-count-2 tf_box tf_w tf_rel\">\n\t\t\t<div  data-lazy=\"1\" class=\"module_column tb-column col4-1 first tb_binp534 tf_box\">\n\t\t\t    \t        <div class=\"tb-column-inner tf_box tf_w\">\n\t\t    <!-- module image -->\n<div  class=\"module module-image tb_8t0t534   image-center tf_mw\" data-lazy=\"1\">\n        <div class=\"image-wrap tf_rel tf_mw\">\n\t\t    <img loading=\"lazy\" width=\"331\" height=\"139\" src=\"https:\/\/mnssimulacion.cl\/wp-content\/uploads\/2022\/08\/infor.png\" class=\"wp-post-image wp-image-1151\" title=\"infor\" alt=\"infor\" srcset=\"https:\/\/mnssimulacion.cl\/wp-content\/uploads\/2022\/08\/infor.png 331w, https:\/\/mnssimulacion.cl\/wp-content\/uploads\/2022\/08\/infor-300x126.png 300w, https:\/\/mnssimulacion.cl\/wp-content\/uploads\/2022\/08\/infor-18x8.png 18w\" sizes=\"(max-width: 331px) 100vw, 331px\" \/>\t\n\t\t<\/div>\n\t<!-- \/image-wrap -->\n    \n    \t<\/div>\n<!-- \/module image -->\t        <\/div>\n\t    \t<\/div>\n\t\t<div  data-lazy=\"1\" class=\"module_column tb-column col4-3 last tb_as7r536 tf_box\">\n\t\t\t    \t        <div class=\"tb-column-inner tf_box tf_w\">\n\t\t    <!-- module fancy heading -->\n<div  class=\"module module-fancy-heading tb_gu70537  tb_hide_divider\" data-lazy=\"1\">\n        <h3 class=\"fancy-heading\">\n    <span class=\"main-head tf_block\">\n\t\t\t\t\tConvenio de Colaboraci\u00f3n INFOR\t\t    <\/span>\n\n\t\n    <span class=\"sub-head tf_block tf_rel\">\n\t\t\t\t\t\t\t    <\/span>\n    <\/h3>\n<\/div>\n<!-- \/module fancy heading -->\n<!-- module text -->\n<div  class=\"module module-text tb_cep8538  repeat\" data-lazy=\"1\">\n        <div  class=\"tb_text_wrap\">\n    <p>El Centro Modelo Nacional de Simulaci\u00f3n (MNS) ha firmado recientemente un convenio de colaboraci\u00f3n con el Instituto Forestal (INFOR) para apoyar t\u00e9cnicamente en la \u201cActualizaci\u00f3n del Estudio de Disponibilidad de Madera de Plantaciones de Pinus radiata y Eucalyptus sp. (2021\u20132051)\u201d. En particular, para incorporar el impacto del cambio clim\u00e1tico en las estimaciones del rendimiento esperado de las plantaciones en las pr\u00f3ximas d\u00e9cadas.<\/p>    <\/div>\n<\/div>\n<!-- \/module text -->\t        <\/div>\n\t    \t<\/div>\n\t\t    <\/div>\n\t    <!-- \/row_inner -->\n\t<\/div>\n\t<!-- \/module_row -->\n\t\t<!-- module_row -->\n\t<div  data-lazy=\"1\" class=\"module_row themify_builder_row repeat tb_qvfa788 tf_clearfix\" >\n\t    \t\t<div class=\"row_inner col_align_middle gutter-none col-count-2 tf_box tf_w tf_rel\">\n\t\t\t<div  data-lazy=\"1\" class=\"module_column tb-column col4-1 first tb_zy3e789 tf_box\">\n\t\t\t    \t        <div class=\"tb-column-inner tf_box tf_w\">\n\t\t    <!-- module image -->\n<div  class=\"module module-image tb_bmzk790   image-center tf_mw\" data-lazy=\"1\">\n        <div class=\"image-wrap tf_rel tf_mw\">\n\t\t    <img loading=\"lazy\" width=\"359\" height=\"140\" src=\"https:\/\/mnssimulacion.cl\/wp-content\/uploads\/2022\/07\/loslagos.png\" class=\"wp-post-image wp-image-364\" title=\"loslagos\" alt=\"loslagos\">\t\n\t\t<\/div>\n\t<!-- \/image-wrap -->\n    \n    \t<\/div>\n<!-- \/module image -->\t        <\/div>\n\t    \t<\/div>\n\t\t<div  data-lazy=\"1\" class=\"module_column tb-column col4-3 last tb_m5su790 tf_box\">\n\t\t\t    \t        <div class=\"tb-column-inner tf_box tf_w\">\n\t\t    <!-- module fancy heading -->\n<div  class=\"module module-fancy-heading tb_qwpr791  tb_hide_divider\" data-lazy=\"1\">\n        <h3 class=\"fancy-heading\">\n    <span class=\"main-head tf_block\">\n\t\t\t\t\tInstalaci\u00f3n Parcelas Permanentes Bosques Los Lagos\t\t    <\/span>\n\n\t\n    <span class=\"sub-head tf_block tf_rel\">\n\t\t\t\t\t\t\t    <\/span>\n    <\/h3>\n<\/div>\n<!-- \/module fancy heading -->\n<!-- module text -->\n<div  class=\"module module-text tb_qkvj791  repeat\" data-lazy=\"1\">\n        <div  class=\"tb_text_wrap\">\n    <p><em>Tuesday, June 7 and Wednesday, June 8, 2022<\/em><\/p>    <\/div>\n<\/div>\n<!-- \/module text --><!-- module text -->\n<div  class=\"module module-text tb_hc1v475  repeat\" data-lazy=\"1\">\n        <div  class=\"tb_text_wrap\">\n    <p>Se realiz\u00f3 una visita a predios de Bosques Los Lagos con el objetivo de seleccionar sitios para la instalaci\u00f3n de parcelas permanentes del Modelo Nacional de Simulaci\u00f3n (MNS). En la oportunidad se capacit\u00f3 a las brigadas en el proceso de instalaci\u00f3n y primera medici\u00f3n. Durante esta temporada ser\u00e1n instaladas 28 parcelas en rodales de Eucalyptus globulus e H\u00edbridos localizados en la provincia de los Lagos.<\/p>    <\/div>\n<\/div>\n<!-- \/module text -->\t        <\/div>\n\t    \t<\/div>\n\t\t    <\/div>\n\t    <!-- \/row_inner -->\n\t<\/div>\n\t<!-- \/module_row -->\n\t\t<!-- module_row -->\n\t<div  data-lazy=\"1\" class=\"module_row themify_builder_row repeat tb_esxi86 tf_clearfix\" >\n\t    \t\t<div class=\"row_inner col_align_middle gutter-none col-count-2 tf_box tf_w tf_rel\">\n\t\t\t<div  data-lazy=\"1\" class=\"module_column tb-column col4-1 first tb_m7n687 tf_box\">\n\t\t\t    \t        <div class=\"tb-column-inner tf_box tf_w\">\n\t\t    <!-- module image -->\n<div  class=\"module module-image tb_7uum88   image-center tf_mw\" data-lazy=\"1\">\n        <div class=\"image-wrap tf_rel tf_mw\">\n\t\t    <img loading=\"lazy\" width=\"350\" height=\"263\" src=\"https:\/\/mnssimulacion.cl\/wp-content\/uploads\/2022\/07\/bn_span3_noticias_2022mayo_terreno-1.png\" class=\"wp-post-image wp-image-395\" title=\"bn_span3_noticias_2022mayo_terreno\" alt=\"bn_span3_noticias_2022mayo_terreno\">\t\n\t\t<\/div>\n\t<!-- \/image-wrap -->\n    \n    \t<\/div>\n<!-- \/module image -->\t        <\/div>\n\t    \t<\/div>\n\t\t<div  data-lazy=\"1\" class=\"module_column tb-column col4-3 last tb_y1cj88 tf_box\">\n\t\t\t    \t        <div class=\"tb-column-inner tf_box tf_w\">\n\t\t    <!-- module fancy heading -->\n<div  class=\"module module-fancy-heading tb_g1cj89  tb_hide_divider\" data-lazy=\"1\">\n        <h3 class=\"fancy-heading\">\n    <span class=\"main-head tf_block\">\n\t\t\t\t\tJornada T\u00e9cnica 2022\t\t    <\/span>\n\n\t\n    <span class=\"sub-head tf_block tf_rel\">\n\t\t\t\t\t\t\t    <\/span>\n    <\/h3>\n<\/div>\n<!-- \/module fancy heading -->\n<!-- module text -->\n<div  class=\"module module-text tb_xst590  repeat\" data-lazy=\"1\">\n        <div  class=\"tb_text_wrap\">\n    <p><em>Thursday, May 26, 2022<\/em><\/p>    <\/div>\n<\/div>\n<!-- \/module text --><!-- module text -->\n<div  class=\"module module-text tb_hgap820  repeat\" data-lazy=\"1\">\n        <div  class=\"tb_text_wrap\">\n    <p>Se realiz\u00f3 la Primera Jornada T\u00e9cnica 2022 del Centro Modelo Nacional de Simulaci\u00f3n (MNS) siendo organizada en esta oportunidad por Forestal Mininco. Se visit\u00f3 el ensayo \u201cPaso del Le\u00f3n\u201d establecido el a\u00f1o 2008 (30.6 ha) para cuantificar el efecto de diversos reg\u00edmenes de podas y raleos sobre el rendimiento de las plantaciones. Posteriormente, se visitaron en el predio \u201cLos \u00c1lamos\u201d ubicado en la zona de arenales del valle central diversas plantaciones de E. globulus, E. nitens y E. h\u00edbrido para evidenciar el efecto del cambio clim\u00e1tico y ataque de gonipterus sobre el crecimiento de las plantaciones.<\/p>    <\/div>\n<\/div>\n<!-- \/module text -->\t        <\/div>\n\t    \t<\/div>\n\t\t    <\/div>\n\t    <!-- \/row_inner -->\n\t<\/div>\n\t<!-- \/module_row -->\n\t\t<!-- module_row -->\n\t<div  data-lazy=\"1\" class=\"module_row themify_builder_row repeat tb_ouf087 tf_clearfix\" >\n\t    \t\t<div class=\"row_inner col_align_middle gutter-none col-count-2 tf_box tf_w tf_rel\">\n\t\t\t<div  data-lazy=\"1\" class=\"module_column tb-column col4-1 first tb_wty588 tf_box\">\n\t\t\t    \t        <div class=\"tb-column-inner tf_box tf_w\">\n\t\t    <!-- module image -->\n<div  class=\"module module-image tb_eq2z89   image-center tf_mw\" data-lazy=\"1\">\n        <div class=\"image-wrap tf_rel tf_mw\">\n\t\t    <img loading=\"lazy\" width=\"253\" height=\"190\" src=\"https:\/\/mnssimulacion.cl\/wp-content\/uploads\/2022\/07\/bn_span3_noticias_2022mayo_valdivia.png\" class=\"wp-post-image wp-image-444\" title=\"bn_span3_noticias_2022mayo_valdivia\" alt=\"bn_span3_noticias_2022mayo_valdivia\">\t\n\t\t<\/div>\n\t<!-- \/image-wrap -->\n    \n    \t<\/div>\n<!-- \/module image -->\t        <\/div>\n\t    \t<\/div>\n\t\t<div  data-lazy=\"1\" class=\"module_column tb-column col4-3 last tb_dhft90 tf_box\">\n\t\t\t    \t        <div class=\"tb-column-inner tf_box tf_w\">\n\t\t    <!-- module fancy heading -->\n<div  class=\"module module-fancy-heading tb_1ihp90  tb_hide_divider\" data-lazy=\"1\">\n        <h3 class=\"fancy-heading\">\n    <span class=\"main-head tf_block\">\n\t\t\t\t\tTaller de Capacitaci\u00f3n\t\t    <\/span>\n\n\t\n    <span class=\"sub-head tf_block tf_rel\">\n\t\t\t\t\t\t\t    <\/span>\n    <\/h3>\n<\/div>\n<!-- \/module fancy heading -->\n<!-- module text -->\n<div  class=\"module module-text tb_l4dq91  repeat\" data-lazy=\"1\">\n        <div  class=\"tb_text_wrap\">\n    <p>Wednesday, May 18, 2022<\/p>    <\/div>\n<\/div>\n<!-- \/module text --><!-- module text -->\n<div  class=\"module module-text tb_a3a5572  repeat\" data-lazy=\"1\">\n        <div  class=\"tb_text_wrap\">\n    <p>En el marco del proyecto CORFO \u201cAdaptaci\u00f3n al Cambio Clim\u00e1tico en la Actividad Forestal, Productividad y Reducci\u00f3n de Impactos\u201d (19BP-117312 ) se realiz\u00f3 el d\u00eda 18 de Mayo 2022 en la Facultad de Ciencias Forestales y RRNN de la Universidad Austral de Chile un taller de capacitaci\u00f3n en el uso de nuevas capacidades incorporadas en el simulador INSIGNE para estimar el efecto del cambio clim\u00e1tico sobre la productividad de las plantaciones de Pino radiata. Participaron en este taller 18 profesionales de la CONAF, Forestal Mininco, Forestal Arauco (BIOFOREST), Universidad Austral de Chile y Universidad de Concepci\u00f3n (MNS).<\/p>    <\/div>\n<\/div>\n<!-- \/module text -->\t        <\/div>\n\t    \t<\/div>\n\t\t    <\/div>\n\t    <!-- \/row_inner -->\n\t<\/div>\n\t<!-- \/module_row -->\n\t<\/div>\n<!--\/themify_builder_content-->","protected":false},"excerpt":{"rendered":"<p>Noticias Nuevo Sistema de Gesti\u00f3n de BD Centralizada Jueves, 22 de mayo 2025 La unidad de desarrollo de sistemas del MNS realiz\u00f3 la presentaci\u00f3n del nuevo sistema de bases de datos centralizado desarrollado durante el per\u00edodo 2024-2025. Este sistema permitir\u00e1 acceder y administrar de forma remota la base de datos que contiene las mediciones anuales [&hellip;]<\/p>\n","protected":false},"author":2,"featured_media":0,"parent":0,"menu_order":0,"comment_status":"closed","ping_status":"closed","template":"","meta":[],"builder_content":"<h2>Noticias<br\/><\/h2>\n<img loading=\"lazy\" width=\"1301\" height=\"813\" src=\"https:\/\/mnssimulacion.cl\/wp-content\/uploads\/2025\/05\/BancoDatos.png\" title=\"BancoDatos\" alt=\"BancoDatos\" srcset=\"https:\/\/mnssimulacion.cl\/wp-content\/uploads\/2025\/05\/BancoDatos.png 1301w, https:\/\/mnssimulacion.cl\/wp-content\/uploads\/2025\/05\/BancoDatos-300x187.png 300w, https:\/\/mnssimulacion.cl\/wp-content\/uploads\/2025\/05\/BancoDatos-1024x640.png 1024w, https:\/\/mnssimulacion.cl\/wp-content\/uploads\/2025\/05\/BancoDatos-768x480.png 768w, https:\/\/mnssimulacion.cl\/wp-content\/uploads\/2025\/05\/BancoDatos-18x12.png 18w\" sizes=\"(max-width: 1301px) 100vw, 1301px\" \/>\n<h3>Nuevo Sistema de Gesti\u00f3n de BD Centralizada<br\/><\/h3>\n<p>Jueves, 22 de mayo 2025<\/p>\n<p>La unidad de desarrollo de sistemas del MNS realiz\u00f3 la presentaci\u00f3n del nuevo sistema de bases de datos centralizado desarrollado durante el per\u00edodo 2024-2025. Este sistema permitir\u00e1 acceder y administrar de forma remota la base de datos que contiene las mediciones anuales realizadas a la red de parcelas permanentes y ensayos mantenidas por las empresas miembros.<\/p>\n<img loading=\"lazy\" src=\"https:\/\/mnssimulacion.cl\/wp-content\/uploads\/2025\/05\/20250520_131153-scaled.jpg\" width=\"199\" height=\"112\" title=\"20250520_131153\" alt=\"20250520_131153\">\n<h3>Capacitaci\u00f3n Anual de Nuevas Brigadas de Terreno<br\/><\/h3>\n<p><em>Martes, 20 de mayo 2025<\/em><\/p>\n<p>Durante el mes de Mayo se realizar\u00e1 por parte del MNS la capacitaci\u00f3n de nuevas brigadas de terreno. Estas brigadas est\u00e1n encargadas de la medici\u00f3n de parcelas permanentes y ensayos. Esta actividad es coordinada y ejecutada por el encargado de la unidad de datos y ensayos Sr. Cristian Higuera.<\/p>\n<img loading=\"lazy\" width=\"592\" height=\"444\" src=\"https:\/\/mnssimulacion.cl\/wp-content\/uploads\/2025\/05\/rucacalquin_mayo_2025.jpg\" title=\"rucacalquin_mayo_2025\" alt=\"rucacalquin_mayo_2025\" srcset=\"https:\/\/mnssimulacion.cl\/wp-content\/uploads\/2025\/05\/rucacalquin_mayo_2025.jpg 592w, https:\/\/mnssimulacion.cl\/wp-content\/uploads\/2025\/05\/rucacalquin_mayo_2025-300x225.jpg 300w, https:\/\/mnssimulacion.cl\/wp-content\/uploads\/2025\/05\/rucacalquin_mayo_2025-16x12.jpg 16w\" sizes=\"(max-width: 592px) 100vw, 592px\" \/>\n<h3>Visita Ensayo Silv\u00edcola: Rucacalqu\u00edn<br\/><\/h3>\n<p>Mi\u00e9rcoles, 14 de mayo 2025<\/p>\n<p>Como parte de las actividades de la reuni\u00f3n del Comit\u00e9 T\u00e9cnico se realiz\u00f3 una visita al ensayo silv\u00edcola Rucacalqu\u00edn localizado en la comuna de Mulch\u00e9n. Este ensayo fue instalado en diciembre 2023 y es administrado por Forestal Mininco. Se discuti\u00f3 sobre la aplicaci\u00f3n de tratamientos realizados y sus efectos sobre el crecimiento de los \u00e1rboles.<\/p>\n<img loading=\"lazy\" width=\"319\" height=\"566\" src=\"https:\/\/mnssimulacion.cl\/wp-content\/uploads\/2025\/05\/capturador.png\" title=\"capturador\" alt=\"capturador\" srcset=\"https:\/\/mnssimulacion.cl\/wp-content\/uploads\/2025\/05\/capturador.png 319w, https:\/\/mnssimulacion.cl\/wp-content\/uploads\/2025\/05\/capturador-169x300.png 169w, https:\/\/mnssimulacion.cl\/wp-content\/uploads\/2025\/05\/capturador-7x12.png 7w\" sizes=\"(max-width: 319px) 100vw, 319px\" \/>\n<h3>Nuevo Capturador de Datos ANDROID<br\/><\/h3>\n<p><em>Mi\u00e9rcoles, 14 de mayo 2025<\/em><\/p>\n<p>El Sr. Christian Loayza, encargado de la unidad de sistemas, realiz\u00f3 a las empresas asociadas del MNS una presentaci\u00f3n de una nueva versi\u00f3n del capturador de datos de terreno. Esta aplicaci\u00f3n computacional ha sido desarrollada para equipos ANDROID con el prop\u00f3sito de facilitar la captura de datos electr\u00f3nica.<\/p>\n<img loading=\"lazy\" width=\"577\" height=\"325\" src=\"https:\/\/mnssimulacion.cl\/wp-content\/uploads\/2025\/05\/ceremonia-certificacion.jpg\" title=\"ceremonia-certificacion\" alt=\"ceremonia-certificacion\" srcset=\"https:\/\/mnssimulacion.cl\/wp-content\/uploads\/2025\/05\/ceremonia-certificacion.jpg 577w, https:\/\/mnssimulacion.cl\/wp-content\/uploads\/2025\/05\/ceremonia-certificacion-300x169.jpg 300w, https:\/\/mnssimulacion.cl\/wp-content\/uploads\/2025\/05\/ceremonia-certificacion-18x10.jpg 18w\" sizes=\"(max-width: 577px) 100vw, 577px\" \/>\n<h3>Ceremonia de Certificaci\u00f3n<br\/><\/h3>\n<p><em>Viernes, 25 de abril 2025<\/em><\/p>\n<p>Durante una emotiva ceremonia realizada en audit\u00f3rium Fernando Drake de la Universidad de Concepci\u00f3n se realiz\u00f3 la entrega de certificados a los brigadistas forestales que participaron en el curso de capacitaci\u00f3n SENCE.<\/p>\n<img loading=\"lazy\" width=\"216\" height=\"185\" src=\"https:\/\/mnssimulacion.cl\/wp-content\/uploads\/2025\/05\/Leandro-Chaura-Magister.png\" title=\"Leandro Chaura-Magister\" alt=\"Leandro Chaura-Magister\" srcset=\"https:\/\/mnssimulacion.cl\/wp-content\/uploads\/2025\/05\/Leandro-Chaura-Magister.png 216w, https:\/\/mnssimulacion.cl\/wp-content\/uploads\/2025\/05\/Leandro-Chaura-Magister-14x12.png 14w\" sizes=\"(max-width: 216px) 100vw, 216px\" \/>\n<h3>Becario de Magister MNS 2025-2026<br\/><\/h3>\n<p><em>Martes, 1 de abril 2025<\/em><\/p>\n<p>Leandro Chaura se incorporar\u00e1 a partir del mes de Abril 2025 como nuevo becario de magister y asistente de investigaci\u00f3n del MNS. Su investigaci\u00f3n la realizar\u00e1 en la Universidad Austral del Chile en el marco del Programa de \u201cMagister en Ciencias menci\u00f3n bosque y medioambiente\u201d.<\/p>\n<img loading=\"lazy\" width=\"572\" height=\"347\" src=\"https:\/\/mnssimulacion.cl\/wp-content\/uploads\/2024\/11\/Camilo_Rolando.png\" title=\"Camilo_Rolando\" alt=\"Camilo_Rolando\" srcset=\"https:\/\/mnssimulacion.cl\/wp-content\/uploads\/2024\/11\/Camilo_Rolando.png 572w, https:\/\/mnssimulacion.cl\/wp-content\/uploads\/2024\/11\/Camilo_Rolando-300x182.png 300w, https:\/\/mnssimulacion.cl\/wp-content\/uploads\/2024\/11\/Camilo_Rolando-18x12.png 18w\" sizes=\"(max-width: 572px) 100vw, 572px\" \/>\n<h3>Finalizaci\u00f3n de T\u00e9sis de Pregrado<br\/><\/h3>\n<p><em>Lunes, 31 de marzo 2025<\/em><\/p>\n<p>Durante el mes de Marzo los estudiantes Camilo Varas y Rolando Hidalgo han rendido de forma exitosa su examen de titulaci\u00f3n en la Facultad de Ciencias Forestales de la Universidad de Concepci\u00f3n.\u00a0 Ambas investigaciones fueron auspiciadas por el MNS y dirigidas por la\u00a0 Dra. Rosa Mar\u00eda Alzamora en colaboraci\u00f3n con el Sr. Julio Becker. \u00a1\u00a1Felicitamos a Camilo y Rolando!!<\/p>\n<img loading=\"lazy\" width=\"247\" height=\"219\" src=\"https:\/\/mnssimulacion.cl\/wp-content\/uploads\/2025\/05\/capacitacion_inventarios.png\" title=\"capacitacion_inventarios\" alt=\"capacitacion_inventarios\" srcset=\"https:\/\/mnssimulacion.cl\/wp-content\/uploads\/2025\/05\/capacitacion_inventarios.png 247w, https:\/\/mnssimulacion.cl\/wp-content\/uploads\/2025\/05\/capacitacion_inventarios-14x12.png 14w\" sizes=\"(max-width: 247px) 100vw, 247px\" \/>\n<h3>Programa de Capacitaci\u00f3n Inventarios Forestales<br\/><\/h3>\n<p><em>Viernes, 24 de enero 2025<\/em><\/p>\n<p>El MNS en colaboraci\u00f3n con la unidad de Formaci\u00f3n Permanente de la Universidad de Concepci\u00f3n dictaron el curso de capacitaci\u00f3n SENCE \"Aplicaci\u00f3n de procedimientos de planificaci\u00f3n y captura de datos en inventarios forestales\". Este curso fue impartido a 56 brigadistas de inventario de Forestal Mininco.<\/p>\n<img loading=\"lazy\" width=\"428\" height=\"303\" src=\"https:\/\/mnssimulacion.cl\/wp-content\/uploads\/2024\/11\/ensayo_El_Tollo.png\" title=\"ensayo_El_Tollo\" alt=\"ensayo_El_Tollo\" srcset=\"https:\/\/mnssimulacion.cl\/wp-content\/uploads\/2024\/11\/ensayo_El_Tollo.png 428w, https:\/\/mnssimulacion.cl\/wp-content\/uploads\/2024\/11\/ensayo_El_Tollo-300x212.png 300w, https:\/\/mnssimulacion.cl\/wp-content\/uploads\/2024\/11\/ensayo_El_Tollo-18x12.png 18w\" sizes=\"(max-width: 428px) 100vw, 428px\" \/>\n<h3>Nueva Red de Ensayos Silv\u00edcolas: El Tollo<br\/><\/h3>\n<p><em>Viernes, 15 de Noviembre 2024<\/em><\/p>\n<p>El Comit\u00e9 T\u00e9cnico del MNS realiz\u00f3 una visita al ensayo silv\u00edcola \u201cEl Tollo\u201d localizado en el secano costero de la regi\u00f3n del \u00d1uble. Este ensayo fue instalado por CAMBIUM el a\u00f1o 2023, y corresponde a la nueva red de ensayos del MNS establecido para evaluar la respuesta a nivel de rodal y \u00e1rbol individual de crecimiento a intervenciones de raleos y podas.<\/p>\n<img loading=\"lazy\" width=\"572\" height=\"347\" src=\"https:\/\/mnssimulacion.cl\/wp-content\/uploads\/2024\/11\/Camilo_Rolando.png\" title=\"Camilo_Rolando\" alt=\"Camilo_Rolando\" srcset=\"https:\/\/mnssimulacion.cl\/wp-content\/uploads\/2024\/11\/Camilo_Rolando.png 572w, https:\/\/mnssimulacion.cl\/wp-content\/uploads\/2024\/11\/Camilo_Rolando-300x182.png 300w, https:\/\/mnssimulacion.cl\/wp-content\/uploads\/2024\/11\/Camilo_Rolando-18x12.png 18w\" sizes=\"(max-width: 572px) 100vw, 572px\" \/>\n<h3>Incorporaci\u00f3n estudiantes pregrado: \u00a0UDEC<br\/><\/h3>\n<p><em>Lunes, 11 de Noviembre 2024<\/em><\/p>\n<p>Se han incorporado como estudiantes de pregrado al equipo de trabajo del MNS: Camilo Varas y Rolando Hidalgo. Ambos estudiantes trabajar\u00e1n con los profesores Rosa Alzamora y Julio Becker.<\/p>\n<img loading=\"lazy\" width=\"264\" height=\"274\" src=\"https:\/\/mnssimulacion.cl\/wp-content\/uploads\/2024\/10\/Oscar_Tuero.png\" title=\"Oscar_Tuero\" alt=\"Oscar_Tuero\" srcset=\"https:\/\/mnssimulacion.cl\/wp-content\/uploads\/2024\/10\/Oscar_Tuero.png 264w, https:\/\/mnssimulacion.cl\/wp-content\/uploads\/2024\/10\/Oscar_Tuero-12x12.png 12w\" sizes=\"(max-width: 264px) 100vw, 264px\" \/>\n<h3>Asistente de Investigaci\u00f3n del MNS finaliza Programa de Magister<br\/><\/h3>\n<p><em>Lunes, 28 de Octubre 2024<\/em><\/p>\n<p>\u00d3scar Tuero asistente de investigaci\u00f3n del MNS finaliz\u00f3 el Programa de Magister en Ciencias Menci\u00f3n Bosques y Medioambiente impartido por la Universidad Austral de Chile. \u00a0El t\u00edtulo de su trabajo de investigaci\u00f3n fue \u201cEvaluaci\u00f3n de redes neuronales artificiales para la predicci\u00f3n de vol\u00famenes fustales en plantaciones de Pinus radiata D. Don en Chile\u201d.<\/p>\n<img loading=\"lazy\" width=\"382\" height=\"325\" src=\"https:\/\/mnssimulacion.cl\/wp-content\/uploads\/2024\/10\/IX_Congreso_Forestal_2024.png\" title=\"IX_Congreso_Forestal_2024\" alt=\"IX_Congreso_Forestal_2024\" srcset=\"https:\/\/mnssimulacion.cl\/wp-content\/uploads\/2024\/10\/IX_Congreso_Forestal_2024.png 382w, https:\/\/mnssimulacion.cl\/wp-content\/uploads\/2024\/10\/IX_Congreso_Forestal_2024-300x255.png 300w, https:\/\/mnssimulacion.cl\/wp-content\/uploads\/2024\/10\/IX_Congreso_Forestal_2024-14x12.png 14w\" sizes=\"(max-width: 382px) 100vw, 382px\" \/>\n<h3>Participaci\u00f3n en IX Congreso Chileno de Ciencias Forestales<br\/><\/h3>\n<p><em>Mi\u00e9rcoles, 23 de Octubre 2024<\/em><\/p>\n<p>El MNS realiz\u00f3 tres presentaciones orales en el IX Congreso Chileno de Ciencias Forestales desarrollado en la Universidad Austral de Chile. Las tem\u00e1ticas de las presentaciones fueron sobre respuesta de intensidad y oportunidad de raleos sobre el crecimiento a nivel de rodal, nuevos m\u00e9todos para predicci\u00f3n de volumen para \u00e1rboles en pie y aplicaci\u00f3n de redes neuronales artificiales.<\/p>\n<img loading=\"lazy\" width=\"645\" height=\"484\" src=\"https:\/\/mnssimulacion.cl\/wp-content\/uploads\/2024\/10\/thumbnail_image.png\" title=\"thumbnail_image\" alt=\"thumbnail_image\" srcset=\"https:\/\/mnssimulacion.cl\/wp-content\/uploads\/2024\/10\/thumbnail_image.png 645w, https:\/\/mnssimulacion.cl\/wp-content\/uploads\/2024\/10\/thumbnail_image-300x225.png 300w, https:\/\/mnssimulacion.cl\/wp-content\/uploads\/2024\/10\/thumbnail_image-16x12.png 16w\" sizes=\"(max-width: 645px) 100vw, 645px\" \/>\n<h3>Tercer Taller Avanzado sobre uso de Simuladores<br\/><\/h3>\n<p><em>Jueves, 10 de Octubre 2024<\/em><\/p>\n<p>El MNS imparti\u00f3 el tercer Taller Avanzado de capacitaci\u00f3n dirigido a profesionales de las empresas socias para el uso y aplicaci\u00f3n de los Simuladores INSIGNE y EUCASIM. Los participantes se entrenaron en el uso de m\u00f3dulo para estimaci\u00f3n de biomasa, modulo para proyecciones de crecimiento bajo escenarios de cambio clim\u00e1tico y\u00a0 m\u00f3dulo para an\u00e1lisis econ\u00f3mico.<\/p>\n<img loading=\"lazy\" width=\"537\" height=\"333\" src=\"https:\/\/mnssimulacion.cl\/wp-content\/uploads\/2024\/08\/visita_jose_martinez.png\" title=\"Visita Jos\u00e9 Martinez\" alt=\"Visita Jos\u00e9 Martinez\" srcset=\"https:\/\/mnssimulacion.cl\/wp-content\/uploads\/2024\/08\/visita_jose_martinez.png 537w, https:\/\/mnssimulacion.cl\/wp-content\/uploads\/2024\/08\/visita_jose_martinez-300x186.png 300w, https:\/\/mnssimulacion.cl\/wp-content\/uploads\/2024\/08\/visita_jose_martinez-18x12.png 18w\" sizes=\"(max-width: 537px) 100vw, 537px\" \/>\n<h3>Director de Reforestemos M\u00e9xico visita MNS<br\/><\/h3>\n<p><em>Mi\u00e9rcoles, 21 de Agosto 2024<\/em><\/p>\n<p>Jos\u00e9 Carlos Mart\u00ednez, Director de Innovaci\u00f3n de <a href=\"https:\/\/www.reforestamosmexico.org\">\u201cReforestamos M\u00e9xico\u201d<\/a> visit\u00f3 el Centro Modelo Nacional de Simulaci\u00f3n (MNS). Se presentaron las capacidades y usos de los sistemas de simulaci\u00f3n desarrollados por el MNS para el manejo de plantaciones forestales.<\/p>\n<img loading=\"lazy\" width=\"1600\" height=\"901\" src=\"https:\/\/mnssimulacion.cl\/wp-content\/uploads\/2024\/08\/Taller_Capacitacion_Avanzado_2.jpeg\" title=\"Taller Capacitaci\u00f3n Avanzado\" alt=\"Taller Capacitaci\u00f3n Avanzado\" srcset=\"https:\/\/mnssimulacion.cl\/wp-content\/uploads\/2024\/08\/Taller_Capacitacion_Avanzado_2.jpeg 1600w, https:\/\/mnssimulacion.cl\/wp-content\/uploads\/2024\/08\/Taller_Capacitacion_Avanzado_2-300x169.jpeg 300w, https:\/\/mnssimulacion.cl\/wp-content\/uploads\/2024\/08\/Taller_Capacitacion_Avanzado_2-1024x577.jpeg 1024w, https:\/\/mnssimulacion.cl\/wp-content\/uploads\/2024\/08\/Taller_Capacitacion_Avanzado_2-768x432.jpeg 768w, https:\/\/mnssimulacion.cl\/wp-content\/uploads\/2024\/08\/Taller_Capacitacion_Avanzado_2-1536x865.jpeg 1536w, https:\/\/mnssimulacion.cl\/wp-content\/uploads\/2024\/08\/Taller_Capacitacion_Avanzado_2-18x10.jpeg 18w\" sizes=\"(max-width: 1600px) 100vw, 1600px\" \/>\n<h3>Taller Intermedio en el uso Simuladores<br\/><\/h3>\n<p><em>Jueves, 8 de Agosto 2024<\/em><\/p>\n<p>El Modelo Nacional de Simulaci\u00f3n (MNS) imparti\u00f3 el segundo Taller Intermedio de capacitaci\u00f3n a profesionales de las Empresas Socias en el uso de los Simuladores de crecimiento y rendimiento. Estos talleres se enmarcan en el programa anual de Capacitaci\u00f3n a los usuarios de las empresas socias.<\/p>\n<img loading=\"lazy\" width=\"561\" height=\"316\" src=\"https:\/\/mnssimulacion.cl\/wp-content\/uploads\/2024\/05\/taller_banco_central.png\" title=\"Taller Banco Centralizado\" alt=\"Taller Banco Centralizado\" srcset=\"https:\/\/mnssimulacion.cl\/wp-content\/uploads\/2024\/05\/taller_banco_central.png 561w, https:\/\/mnssimulacion.cl\/wp-content\/uploads\/2024\/05\/taller_banco_central-300x169.png 300w, https:\/\/mnssimulacion.cl\/wp-content\/uploads\/2024\/05\/taller_banco_central-18x10.png 18w\" sizes=\"(max-width: 561px) 100vw, 561px\" \/>\n<h3>Nuevo sistema de gesti\u00f3n de datos centralizado<br\/><\/h3>\n<p><em>Jueves, 25 de Abril 2024<\/em><\/p>\n<p>La unidad de inform\u00e1tica del MNS realiz\u00f3 un taller interno de capacitaci\u00f3n del nuevo sistema de gesti\u00f3n de bases de datos. Este sistema estar\u00e1 conectado en red permitiendo a los usuarios almacenar, consultar, validar y administrar toda la base de informaci\u00f3n de mediciones a nivel de \u00e1rbol que incluyen: red de ensayos y parcelas permanentes y parcelas de inventarios hist\u00f3ricos.<\/p>\n<img loading=\"lazy\" width=\"495\" height=\"370\" src=\"https:\/\/mnssimulacion.cl\/wp-content\/uploads\/2024\/04\/2024_abril_12_manejos_renovales.jpg\" title=\"2024_abril_12_manejos_renovales\" alt=\"2024_abril_12_manejos_renovales\" srcset=\"https:\/\/mnssimulacion.cl\/wp-content\/uploads\/2024\/04\/2024_abril_12_manejos_renovales.jpg 495w, https:\/\/mnssimulacion.cl\/wp-content\/uploads\/2024\/04\/2024_abril_12_manejos_renovales-300x224.jpg 300w, https:\/\/mnssimulacion.cl\/wp-content\/uploads\/2024\/04\/2024_abril_12_manejos_renovales-16x12.jpg 16w\" sizes=\"(max-width: 495px) 100vw, 495px\" \/>\n<h3>Experiencia en Manejo de renovales<br\/><\/h3>\n<p><em>Viernes, 12 de Abril 2024<\/em><\/p>\n<p>El Comit\u00e9 T\u00e9cnico del MNS realiz\u00f3 una visita al predio Malalcaballo localizado en la comuna de Los Lagos (Regi\u00f3n de Los R\u00edos). Esta actividad fue coordinada por CONAF y el prop\u00f3sito fue conocer y discutir sobre experiencias operacionales de manejo en bosques de renovales del tipo forestal Roble-Raul\u00ed-Coig\u00fce (RO-RA-CO) para orientar el desarrollo futuro del simulador NATIVO.\u00a0\u00a0<\/p>\n<img loading=\"lazy\" width=\"520\" height=\"376\" src=\"https:\/\/mnssimulacion.cl\/wp-content\/uploads\/2024\/04\/2024_abril_11_presidenta.jpg\" title=\"2024_abril_11_presidenta\" alt=\"2024_abril_11_presidenta\" srcset=\"https:\/\/mnssimulacion.cl\/wp-content\/uploads\/2024\/04\/2024_abril_11_presidenta.jpg 520w, https:\/\/mnssimulacion.cl\/wp-content\/uploads\/2024\/04\/2024_abril_11_presidenta-300x217.jpg 300w, https:\/\/mnssimulacion.cl\/wp-content\/uploads\/2024\/04\/2024_abril_11_presidenta-18x12.jpg 18w\" sizes=\"(max-width: 520px) 100vw, 520px\" \/>\n<h3>Nueva Presidenta del Directorio MNS<br\/><\/h3>\n<p><em>Jueves, 11 de Abril 2024<\/em><\/p>\n<p>Durante la sesi\u00f3n del Directorio del MNS realizado en Valdivia el d\u00eda 11 de Abril fue elegida por unanimidad la Sra. Mariana Lobel representante de CAMBIUM, quien sucede para la etapa 2024-2026 al Sr. Julio Becker representante de Forestal Mininco. Nuestros mejores deseos de \u00e9xito a Mariana y nuestros sinceros agradecimientos a Julio por el permanente apoyo durante su presidencia.<\/p>\n<img loading=\"lazy\" width=\"544\" height=\"370\" src=\"https:\/\/mnssimulacion.cl\/wp-content\/uploads\/2024\/04\/2024_abril_11_directorio.jpg\" title=\"2024_abril_11_directorio\" alt=\"2024_abril_11_directorio\" srcset=\"https:\/\/mnssimulacion.cl\/wp-content\/uploads\/2024\/04\/2024_abril_11_directorio.jpg 544w, https:\/\/mnssimulacion.cl\/wp-content\/uploads\/2024\/04\/2024_abril_11_directorio-300x204.jpg 300w, https:\/\/mnssimulacion.cl\/wp-content\/uploads\/2024\/04\/2024_abril_11_directorio-18x12.jpg 18w\" sizes=\"(max-width: 544px) 100vw, 544px\" \/>\n<h3>Directorio MNS sesion\u00f3 en Valdivia<br\/><\/h3>\n<p><em>Jueves, 11 de Abril 2024<\/em><\/p>\n<p>La segunda reuni\u00f3n anual del Directorio del MNS se realiz\u00f3 en Valdivia en dependencias de la Facultad de Ciencias Forestales y Recursos Naturales de la Universidad Austral de Chile. Junto con la revisi\u00f3n del programa de trabajo 2024, se eligi\u00f3 nueva presidenta del Directorio para el per\u00edodo 2024-2026 a la Sra. Mariana Lobel representante de <a href=\"http:\/\/www.cambiumsa.com\/es\">CAMBIUM<\/a>\u00a0<\/p>\n<img loading=\"lazy\" width=\"440\" height=\"280\" src=\"https:\/\/mnssimulacion.cl\/wp-content\/uploads\/2024\/04\/2024_marzo_29_estudiantes.jpg\" title=\"2024_marzo_29_estudiantes\" alt=\"2024_marzo_29_estudiantes\" srcset=\"https:\/\/mnssimulacion.cl\/wp-content\/uploads\/2024\/04\/2024_marzo_29_estudiantes.jpg 440w, https:\/\/mnssimulacion.cl\/wp-content\/uploads\/2024\/04\/2024_marzo_29_estudiantes-300x191.jpg 300w, https:\/\/mnssimulacion.cl\/wp-content\/uploads\/2024\/04\/2024_marzo_29_estudiantes-18x12.jpg 18w\" sizes=\"(max-width: 440px) 100vw, 440px\" \/>\n<h3>Incorporaci\u00f3n estudiantes pregrado: UACh y UDEC<br\/><\/h3>\n<p><em>Viernes, 29 de Marzo 2024<\/em><\/p>\n<p>A partir de este semestre se han incorporado como estudiantes de pregrado al equipo de trabajo del MNS: Leandro Chaura de la Universidad Austral de Chile y Catalina Orellana de la Universidad de Concepci\u00f3n. Ambos desarrollar\u00e1n sus trabajos de titulaci\u00f3n con datos y asistencia t\u00e9cnica del MNS.<\/p>\n<img loading=\"lazy\" width=\"690\" height=\"387\" src=\"https:\/\/mnssimulacion.cl\/wp-content\/uploads\/2024\/04\/2024_marzo_13_visita_ensayos.jpg\" title=\"2024_marzo_13_visita_ensayos\" alt=\"2024_marzo_13_visita_ensayos\" srcset=\"https:\/\/mnssimulacion.cl\/wp-content\/uploads\/2024\/04\/2024_marzo_13_visita_ensayos.jpg 690w, https:\/\/mnssimulacion.cl\/wp-content\/uploads\/2024\/04\/2024_marzo_13_visita_ensayos-300x168.jpg 300w, https:\/\/mnssimulacion.cl\/wp-content\/uploads\/2024\/04\/2024_marzo_13_visita_ensayos-18x10.jpg 18w\" sizes=\"(max-width: 690px) 100vw, 690px\" \/>\n<h3>Visita a ensayos de manejo silv\u00edcola<br\/><\/h3>\n<p><i>Mi\u00e9rcoles, 13 de Marzo 2024<\/i><\/p>\n<p>El Comit\u00e9 T\u00e9cnico del MNS efectu\u00f3 una visita a dos ensayos de Manejo silv\u00edcola para Pino radiata: Rucacalqu\u00edn y Nihuinco, ambos administrados por Forestal Mininco. En base a los resultados obtenidos a la edad de 20 a\u00f1os se discuti\u00f3 sobre las pr\u00e1cticas silv\u00edcolas de podas y raleos m\u00e1s efectivas para sitios de alta productividad.<\/p>\n<img loading=\"lazy\" width=\"185\" height=\"90\" src=\"https:\/\/mnssimulacion.cl\/wp-content\/uploads\/2024\/04\/FSPLatam.jpg\" title=\"FSPLatam\" alt=\"FSPLatam\" srcset=\"https:\/\/mnssimulacion.cl\/wp-content\/uploads\/2024\/04\/FSPLatam.jpg 185w, https:\/\/mnssimulacion.cl\/wp-content\/uploads\/2024\/04\/FSPLatam-18x9.jpg 18w\" sizes=\"(max-width: 185px) 100vw, 185px\" \/>\n<h3>Nuevo Miembro Titular: Forest Service Provider (FSP)<br\/><\/h3>\n<p><em>Lunes, 1 de Enero 2024<\/em><\/p>\n<p>Damos nuestra mas cordial bienvenida a FSP Latam, nuevo miembro titular del MNS. FSP es una empresa que administra un patrimonio de plantaciones forestales de 34.000 ha para Forest Investment Associate (FIA).<\/p>\n<img loading=\"lazy\" width=\"600\" height=\"600\" src=\"https:\/\/mnssimulacion.cl\/wp-content\/uploads\/2024\/01\/Logo-AF-2021_600x600.jpg\" title=\"Logo AF 2021_600x600\" alt=\"Logo AF 2021_600x600\" srcset=\"https:\/\/mnssimulacion.cl\/wp-content\/uploads\/2024\/01\/Logo-AF-2021_600x600.jpg 600w, https:\/\/mnssimulacion.cl\/wp-content\/uploads\/2024\/01\/Logo-AF-2021_600x600-300x300.jpg 300w, https:\/\/mnssimulacion.cl\/wp-content\/uploads\/2024\/01\/Logo-AF-2021_600x600-150x150.jpg 150w, https:\/\/mnssimulacion.cl\/wp-content\/uploads\/2024\/01\/Logo-AF-2021_600x600-12x12.jpg 12w\" sizes=\"(max-width: 600px) 100vw, 600px\" \/>\n<h3>Nuevo Miembro Asociado: Agroempresa Forestal Chile (AF Chile)<br\/><\/h3>\n<p><em>Lunes, 1 de Enero 2024<\/em><\/p>\n<p>Damos nuestra mas cordial bienvenida a Agroempresa Forestal Chile, nuevo miembro asociado del MNS. AF es una empresa que opera en Uruguay, Brasil y Chile dedicada a la administraci\u00f3n de activos y servicios forestales. En Chile administra un patrimonio de plantaciones forestales de 5.300 ha principalmente de Eucalyptus nitens.\u00a0<\/p>\n<img loading=\"lazy\" width=\"1156\" height=\"651\" src=\"https:\/\/mnssimulacion.cl\/wp-content\/uploads\/2023\/11\/WhatsApp-Image-2023-11-09-at-16.24.09.jpeg\" title=\"WhatsApp Image 2023-11-09 at 16.24.09\" alt=\"WhatsApp Image 2023-11-09 at 16.24.09\" srcset=\"https:\/\/mnssimulacion.cl\/wp-content\/uploads\/2023\/11\/WhatsApp-Image-2023-11-09-at-16.24.09.jpeg 1156w, https:\/\/mnssimulacion.cl\/wp-content\/uploads\/2023\/11\/WhatsApp-Image-2023-11-09-at-16.24.09-300x169.jpeg 300w, https:\/\/mnssimulacion.cl\/wp-content\/uploads\/2023\/11\/WhatsApp-Image-2023-11-09-at-16.24.09-1024x577.jpeg 1024w, https:\/\/mnssimulacion.cl\/wp-content\/uploads\/2023\/11\/WhatsApp-Image-2023-11-09-at-16.24.09-768x432.jpeg 768w, https:\/\/mnssimulacion.cl\/wp-content\/uploads\/2023\/11\/WhatsApp-Image-2023-11-09-at-16.24.09-18x10.jpeg 18w\" sizes=\"(max-width: 1156px) 100vw, 1156px\" \/>\n<h3>Primer curso de capacitaci\u00f3n profesionales CONAF<br\/><\/h3>\n<p><em>Jueves, 9 de noviembre de 2023<\/em><\/p>\n<p>El Modelo Nacional de Simulaci\u00f3n (MNS) imparti\u00f3 un primer curso de capacitaci\u00f3n a profesionales de la CONAF de las regiones del \u00d1uble y Biob\u00edo en el uso de los Simuladores de crecimiento y rendimiento desarrollados, buscando promover una gesti\u00f3n forestal eficiente y sostenible de peque\u00f1os y medianos propietarios en Chile.\u00a0\u00a0<\/p>\n<img loading=\"lazy\" width=\"433\" height=\"325\" src=\"https:\/\/mnssimulacion.cl\/wp-content\/uploads\/2023\/11\/comitiva_mexicanos.png\" title=\"comitiva_mexicanos\" alt=\"comitiva_mexicanos\" srcset=\"https:\/\/mnssimulacion.cl\/wp-content\/uploads\/2023\/11\/comitiva_mexicanos.png 433w, https:\/\/mnssimulacion.cl\/wp-content\/uploads\/2023\/11\/comitiva_mexicanos-300x225.png 300w, https:\/\/mnssimulacion.cl\/wp-content\/uploads\/2023\/11\/comitiva_mexicanos-16x12.png 16w\" sizes=\"(max-width: 433px) 100vw, 433px\" \/>\n<h3>Profesionales mexicanos visitan estudio de largo plazo.\u00a0<br\/><\/h3>\n<p><em>Martes, 24 de octubre de 2023<\/em><\/p>\n<p>Una delegaci\u00f3n de 15 profesionales mexicanos conoci\u00f3 sobre el manejo de plantaciones forestales en Chile. Una de las visitas fue el ensayo Nihuinco que corresponde a un estudio de largo plazo mantenido por Forestal Mininco para conocer el efecto de raleos y podas en el crecimiento de los \u00e1rboles.<\/p>\n<img loading=\"lazy\" width=\"545\" height=\"436\" src=\"https:\/\/mnssimulacion.cl\/wp-content\/uploads\/2023\/11\/U_Esparta_Turquia.png\" title=\"U_Esparta_Turquia\" alt=\"U_Esparta_Turquia\" srcset=\"https:\/\/mnssimulacion.cl\/wp-content\/uploads\/2023\/11\/U_Esparta_Turquia.png 545w, https:\/\/mnssimulacion.cl\/wp-content\/uploads\/2023\/11\/U_Esparta_Turquia-300x240.png 300w, https:\/\/mnssimulacion.cl\/wp-content\/uploads\/2023\/11\/U_Esparta_Turquia-15x12.png 15w\" sizes=\"(max-width: 545px) 100vw, 545px\" \/>\n<h3>Taller de Modelamiento Forestal en la Universidad de Esparta (Turqu\u00eda) <br\/><\/h3>\n<p><i>Lunes, 9 de octubre de 2023<\/i><\/p> <p>Guillermo Trincado dict\u00f3 un curso de modelamiento forestal en la Universidad de Esparta de Ciencias Aplicadas en Turqu\u00eda. El curso present\u00f3 el desarrollo y uso pr\u00e1ctico de modelos de simulaci\u00f3n para plantaciones de Pino radiata y Eucalyptus sp. en Chile.\u00a0<\/p>\n<img loading=\"lazy\" width=\"422\" height=\"317\" src=\"https:\/\/mnssimulacion.cl\/wp-content\/uploads\/2023\/09\/Taller_Modelamiento.png\" title=\"Taller_Modelamiento\" alt=\"Taller_Modelamiento\" srcset=\"https:\/\/mnssimulacion.cl\/wp-content\/uploads\/2023\/09\/Taller_Modelamiento.png 422w, https:\/\/mnssimulacion.cl\/wp-content\/uploads\/2023\/09\/Taller_Modelamiento-300x225.png 300w, https:\/\/mnssimulacion.cl\/wp-content\/uploads\/2023\/09\/Taller_Modelamiento-16x12.png 16w\" sizes=\"(max-width: 422px) 100vw, 422px\" \/>\n<h3>Taller de Modelamiento Forestal<br\/><\/h3>\n<p><i>Jueves, 14 de septiembre de 2023<\/i><\/p> <p>Un taller sobre modelaci\u00f3n forestal fue organizado por el MNS y dictado en la Facultad de Ciencias Forestales y Recursos Naturales de la Universidad Austral de Chile (14.09.2023). Este taller fue impartido por el Dr.\u00a0Ramazan\u00a0Ozcelik de la Isparta University of Applied Sciences (Turqu\u00eda). Tuvo como principal objetivo describir nuevas metodolog\u00edas para la construcci\u00f3n de modelos fustales y de altura-di\u00e1metro, que incluyeron t\u00e9cnicas de modelamientos de efectos mixtos y regresi\u00f3n cuant\u00edlica.\u00a0<\/p>\n<img loading=\"lazy\" width=\"3125\" height=\"752\" src=\"https:\/\/mnssimulacion.cl\/wp-content\/uploads\/2023\/08\/AdForst_Grande.png\" title=\"AdForst_Grande\" alt=\"AdForst_Grande\" srcset=\"https:\/\/mnssimulacion.cl\/wp-content\/uploads\/2023\/08\/AdForst_Grande.png 3125w, https:\/\/mnssimulacion.cl\/wp-content\/uploads\/2023\/08\/AdForst_Grande-300x72.png 300w, https:\/\/mnssimulacion.cl\/wp-content\/uploads\/2023\/08\/AdForst_Grande-1024x246.png 1024w, https:\/\/mnssimulacion.cl\/wp-content\/uploads\/2023\/08\/AdForst_Grande-768x185.png 768w, https:\/\/mnssimulacion.cl\/wp-content\/uploads\/2023\/08\/AdForst_Grande-1536x370.png 1536w, https:\/\/mnssimulacion.cl\/wp-content\/uploads\/2023\/08\/AdForst_Grande-2048x493.png 2048w, https:\/\/mnssimulacion.cl\/wp-content\/uploads\/2023\/08\/AdForst_Grande-18x4.png 18w\" sizes=\"(max-width: 3125px) 100vw, 3125px\" \/>\n<h3>Nuevo Miembro Asociado<br\/><\/h3>\n<p>Damos nuestra m\u00e1s cordial bienvenida a ADForst, nuevo miembro asociado del Centro Modelo Nacional de Simulaci\u00f3n (MNS). ADForst es una empresa que administra un patrimonio de plantaciones forestales de 9.000 ha para fondos de inversi\u00f3n. A trav\u00e9s de esta incorporaci\u00f3n se fortalece el trabajo colaborativo y de largo plazo que realiza el MNS.\u00a0<\/p>\n<img loading=\"lazy\" width=\"410\" height=\"307\" src=\"https:\/\/mnssimulacion.cl\/wp-content\/uploads\/2023\/08\/Conaf_Tanume_29062023.png\" title=\"Conaf_Tanume_29062023\" alt=\"Conaf_Tanume_29062023\" srcset=\"https:\/\/mnssimulacion.cl\/wp-content\/uploads\/2023\/08\/Conaf_Tanume_29062023.png 410w, https:\/\/mnssimulacion.cl\/wp-content\/uploads\/2023\/08\/Conaf_Tanume_29062023-300x225.png 300w, https:\/\/mnssimulacion.cl\/wp-content\/uploads\/2023\/08\/Conaf_Tanume_29062023-16x12.png 16w\" sizes=\"(max-width: 410px) 100vw, 410px\" \/>\n<h3>Capacitaci\u00f3n de Protocolos de Medici\u00f3n para CONAF <br\/><\/h3>\n<p><em>Lunes, 26 de junio de 2023.\u00a0<\/em><\/p>\n<p>Recientemente se complet\u00f3 un programa de capacitaci\u00f3n de protocolos de instalaci\u00f3n y remedici\u00f3n de parcelas permanentes para un total de 21 profesionales y extensionistas forestales de CONAF cubriendo desde la Regi\u00f3n de Valpara\u00edso a la Region de Los Lagos. Las actividades se desarrollaron en dependencias del Centro Experimental TANUM\u00c9 (29.06.2023) y del Centro Experimental Forestal CEFOR (03.08.2023) de la Universidad Austral de Chile.\u00a0<\/p>\n<img loading=\"lazy\" width=\"400\" height=\"300\" src=\"https:\/\/mnssimulacion.cl\/wp-content\/uploads\/2023\/03\/ceremonia_academica2023.png\" title=\"ceremonia_academica2023\" alt=\"ceremonia_academica2023\" srcset=\"https:\/\/mnssimulacion.cl\/wp-content\/uploads\/2023\/03\/ceremonia_academica2023.png 400w, https:\/\/mnssimulacion.cl\/wp-content\/uploads\/2023\/03\/ceremonia_academica2023-300x225.png 300w, https:\/\/mnssimulacion.cl\/wp-content\/uploads\/2023\/03\/ceremonia_academica2023-16x12.png 16w\" sizes=\"(max-width: 400px) 100vw, 400px\" \/>\n<h3>Nueva Versi\u00f3n Acad\u00e9mica de Simuladores de Crecimiento: INSIGNE y EUCASIM<br\/><\/h3>\n<p><em>Jueves, 23 de Marzo de 2023<\/em><\/p>\n<p>El d\u00eda Jueves 23 de Marzo se realiz\u00f3 en la Facultad de Ciencias Forestales de la Universidad de Concepci\u00f3n la entrega de una nueva versi\u00f3n estudiantil de los simuladores INSIGNE y EUCASIM a las Universidades que imparten la carrera de Ingenier\u00eda Forestal en Chile: Universidad de Chile, Pontificia Universidad Cat\u00f3lica, Universidad Mayor, Universidad de Ays\u00e9n, Universidad Austral de Chile y Universidad de Concepci\u00f3n como una manera de apoyar en la formaci\u00f3n acad\u00e9mica de nuevos profesionales en el uso de modernas herramientas de simulaci\u00f3n.\u00a0<\/p>\n<img loading=\"lazy\" width=\"332\" height=\"324\" src=\"https:\/\/mnssimulacion.cl\/wp-content\/uploads\/2023\/03\/Picture2.png\" title=\"Picture2\" alt=\"Picture2\" srcset=\"https:\/\/mnssimulacion.cl\/wp-content\/uploads\/2023\/03\/Picture2.png 332w, https:\/\/mnssimulacion.cl\/wp-content\/uploads\/2023\/03\/Picture2-300x293.png 300w, https:\/\/mnssimulacion.cl\/wp-content\/uploads\/2023\/03\/Picture2-12x12.png 12w\" sizes=\"(max-width: 332px) 100vw, 332px\" \/>\n<h3>Incorporaci\u00f3n Estudiante de Magister<br\/><\/h3>\n<p>Este semestre se ha incorporado como asistente de investigaci\u00f3n del MNS el Sr. \u00d3scar Tuero de nacionalidad Mexicana quien comenzar\u00e1 estudios de postgrado en el Programa de Magister en Ciencias Menci\u00f3n Bosques y Medio Ambiente dictado por la Universidad Austral de Chile. El Sr. Tuero es el primer estudiante en recibir beca de estudios otorgado por el MNS.<\/p>\n<img loading=\"lazy\" width=\"210\" height=\"210\" src=\"https:\/\/mnssimulacion.cl\/wp-content\/uploads\/2023\/03\/Picture1.png\" title=\"Picture1\" alt=\"Picture1\" srcset=\"https:\/\/mnssimulacion.cl\/wp-content\/uploads\/2023\/03\/Picture1.png 210w, https:\/\/mnssimulacion.cl\/wp-content\/uploads\/2023\/03\/Picture1-150x150.png 150w, https:\/\/mnssimulacion.cl\/wp-content\/uploads\/2023\/03\/Picture1-12x12.png 12w\" sizes=\"(max-width: 210px) 100vw, 210px\" \/>\n<h3>Nuevo Investigador Asociado en el \u00e1rea Estad\u00edstico-Matem\u00e1tico<br\/><\/h3>\n<p>Se ha incorporado como investigador asociado el Dr. Luis S\u00e1nchez acad\u00e9mico de la Facultad de Ciencias Econ\u00f3micas y Administrativas de la Universidad Austral de Chile. El Dr S\u00e1nchez es Ingeniero Matem\u00e1tico con Magister en M\u00e9todos Estad\u00edsticos en la Universidad de Valpara\u00edso (2013) y PhD en Matem\u00e1ticas en la Universidad de la Frontera (2020). Su incorporaci\u00f3n permitir\u00e1 potenciar las capacidades cuantitativas de an\u00e1lisis de datos y construcci\u00f3n de modelos predictivos.<\/p>\n<img loading=\"lazy\" width=\"387\" height=\"244\" src=\"https:\/\/mnssimulacion.cl\/wp-content\/uploads\/2022\/10\/bn_span3_noticias_2022sept_taller_2.png\" title=\"bn_span3_noticias_2022sept_taller_2\" alt=\"bn_span3_noticias_2022sept_taller_2\" srcset=\"https:\/\/mnssimulacion.cl\/wp-content\/uploads\/2022\/10\/bn_span3_noticias_2022sept_taller_2.png 387w, https:\/\/mnssimulacion.cl\/wp-content\/uploads\/2022\/10\/bn_span3_noticias_2022sept_taller_2-300x189.png 300w, https:\/\/mnssimulacion.cl\/wp-content\/uploads\/2022\/10\/bn_span3_noticias_2022sept_taller_2-18x12.png 18w\" sizes=\"(max-width: 387px) 100vw, 387px\" \/>\n<h3>Taller de Capacitaci\u00f3n: M\u00f3dulo Evaluaci\u00f3n Econ\u00f3mica<br\/><\/h3>\n<p><em>Viernes, 29 de Septiembre de 2022<\/em><\/p>\n<p>El Centro Modelo Nacional de Simulaci\u00f3n (MNS), realiz\u00f3 un taller profesional el d\u00eda 29 de septiembre 2022, cuyo objetivo principal fue capacitar a los usuarios de los simuladores en las nuevas herramientas implementadas para evaluaci\u00f3n econ\u00f3mica de decisiones silv\u00edcolas en plantaciones de Pinus radiata (D. Don) y Eucaliptus spp. Los instructores fueron la Dra. Rosa Mar\u00eda Alzamora y el Ing. en Sistemas Sr. Christian Loayza.<\/p>\n<img loading=\"lazy\" width=\"363\" height=\"227\" src=\"https:\/\/mnssimulacion.cl\/wp-content\/uploads\/2022\/10\/bn_span3_noticias_2022sept_taller_1.png\" title=\"bn_span3_noticias_2022sept_taller_1\" alt=\"bn_span3_noticias_2022sept_taller_1\" srcset=\"https:\/\/mnssimulacion.cl\/wp-content\/uploads\/2022\/10\/bn_span3_noticias_2022sept_taller_1.png 363w, https:\/\/mnssimulacion.cl\/wp-content\/uploads\/2022\/10\/bn_span3_noticias_2022sept_taller_1-300x188.png 300w, https:\/\/mnssimulacion.cl\/wp-content\/uploads\/2022\/10\/bn_span3_noticias_2022sept_taller_1-18x12.png 18w\" sizes=\"(max-width: 363px) 100vw, 363px\" \/>\n<h3>Taller de Capacitaci\u00f3n: M\u00f3dulo Cambio Clim\u00e1tico<br\/><\/h3>\n<p><em>\u00a0Jueves, 1 de Septiembre 2022<\/em><\/p>\n<p>El Centro Modelo Nacional de Simulaci\u00f3n (MNS) realiz\u00f3 el d\u00eda 1 de Septiembre 2022 un taller de capacitaci\u00f3n cuyo objetivo fue mostrar las nuevas herramientas implementadas para modelar el efecto de cambio clim\u00e1tico sobre el crecimiento de las plantaciones de Pino radiata en Chile. En esta oportunidad los instructores de la capacitaci\u00f3n fueron el Sr. Christian Loayza, Sr. Carlos Valenzuela y Sr. Guillermo Trincado.<\/p>\n<img loading=\"lazy\" width=\"331\" height=\"139\" src=\"https:\/\/mnssimulacion.cl\/wp-content\/uploads\/2022\/08\/infor.png\" title=\"infor\" alt=\"infor\" srcset=\"https:\/\/mnssimulacion.cl\/wp-content\/uploads\/2022\/08\/infor.png 331w, https:\/\/mnssimulacion.cl\/wp-content\/uploads\/2022\/08\/infor-300x126.png 300w, https:\/\/mnssimulacion.cl\/wp-content\/uploads\/2022\/08\/infor-18x8.png 18w\" sizes=\"(max-width: 331px) 100vw, 331px\" \/>\n<h3>Convenio de Colaboraci\u00f3n INFOR<br\/><\/h3>\n<p>El Centro Modelo Nacional de Simulaci\u00f3n (MNS) ha firmado recientemente un convenio de colaboraci\u00f3n con el Instituto Forestal (INFOR) para apoyar t\u00e9cnicamente en la \u201cActualizaci\u00f3n del Estudio de Disponibilidad de Madera de Plantaciones de Pinus radiata y Eucalyptus sp. (2021\u20132051)\u201d. En particular, para incorporar el impacto del cambio clim\u00e1tico en las estimaciones del rendimiento esperado de las plantaciones en las pr\u00f3ximas d\u00e9cadas.<\/p>\n<img loading=\"lazy\" width=\"359\" height=\"140\" src=\"https:\/\/mnssimulacion.cl\/wp-content\/uploads\/2022\/07\/loslagos.png\" title=\"loslagos\" alt=\"loslagos\">\n<h3>Instalaci\u00f3n Parcelas Permanentes Bosques Los Lagos<br\/><\/h3>\n<p><em>Martes 7 y Mi\u00e9rcoles 8 de Junio de 2022<\/em><\/p>\n<p>Se realiz\u00f3 una visita a predios de Bosques Los Lagos con el objetivo de seleccionar sitios para la instalaci\u00f3n de parcelas permanentes del Modelo Nacional de Simulaci\u00f3n (MNS). En la oportunidad se capacit\u00f3 a las brigadas en el proceso de instalaci\u00f3n y primera medici\u00f3n. Durante esta temporada ser\u00e1n instaladas 28 parcelas en rodales de Eucalyptus globulus e H\u00edbridos localizados en la provincia de los Lagos.<\/p>\n<img loading=\"lazy\" width=\"350\" height=\"263\" src=\"https:\/\/mnssimulacion.cl\/wp-content\/uploads\/2022\/07\/bn_span3_noticias_2022mayo_terreno-1.png\" title=\"bn_span3_noticias_2022mayo_terreno\" alt=\"bn_span3_noticias_2022mayo_terreno\">\n<h3>Jornada T\u00e9cnica 2022<br\/><\/h3>\n<p><em>Jueves, 26 de Mayo de 2022<\/em><\/p>\n<p>Se realiz\u00f3 la Primera Jornada T\u00e9cnica 2022 del Centro Modelo Nacional de Simulaci\u00f3n (MNS) siendo organizada en esta oportunidad por Forestal Mininco. Se visit\u00f3 el ensayo \u201cPaso del Le\u00f3n\u201d establecido el a\u00f1o 2008 (30.6 ha) para cuantificar el efecto de diversos reg\u00edmenes de podas y raleos sobre el rendimiento de las plantaciones. Posteriormente, se visitaron en el predio \u201cLos \u00c1lamos\u201d ubicado en la zona de arenales del valle central diversas plantaciones de E. globulus, E. nitens y E. h\u00edbrido para evidenciar el efecto del cambio clim\u00e1tico y ataque de gonipterus sobre el crecimiento de las plantaciones.<\/p>\n<img loading=\"lazy\" width=\"253\" height=\"190\" src=\"https:\/\/mnssimulacion.cl\/wp-content\/uploads\/2022\/07\/bn_span3_noticias_2022mayo_valdivia.png\" title=\"bn_span3_noticias_2022mayo_valdivia\" alt=\"bn_span3_noticias_2022mayo_valdivia\">\n<h3>Taller de Capacitaci\u00f3n<br\/><\/h3>\n<p>Mi\u00e9rcoles, 18 de Mayo de 2022<\/p>\n<p>En el marco del proyecto CORFO \u201cAdaptaci\u00f3n al Cambio Clim\u00e1tico en la Actividad Forestal, Productividad y Reducci\u00f3n de Impactos\u201d (19BP-117312 ) se realiz\u00f3 el d\u00eda 18 de Mayo 2022 en la Facultad de Ciencias Forestales y RRNN de la Universidad Austral de Chile un taller de capacitaci\u00f3n en el uso de nuevas capacidades incorporadas en el simulador INSIGNE para estimar el efecto del cambio clim\u00e1tico sobre la productividad de las plantaciones de Pino radiata. Participaron en este taller 18 profesionales de la CONAF, Forestal Mininco, Forestal Arauco (BIOFOREST), Universidad Austral de Chile y Universidad de Concepci\u00f3n (MNS).<\/p>","_links":{"self":[{"href":"https:\/\/mnssimulacion.cl\/en\/wp-json\/wp\/v2\/pages\/1148"}],"collection":[{"href":"https:\/\/mnssimulacion.cl\/en\/wp-json\/wp\/v2\/pages"}],"about":[{"href":"https:\/\/mnssimulacion.cl\/en\/wp-json\/wp\/v2\/types\/page"}],"author":[{"embeddable":true,"href":"https:\/\/mnssimulacion.cl\/en\/wp-json\/wp\/v2\/users\/2"}],"replies":[{"embeddable":true,"href":"https:\/\/mnssimulacion.cl\/en\/wp-json\/wp\/v2\/comments?post=1148"}],"version-history":[{"count":87,"href":"https:\/\/mnssimulacion.cl\/en\/wp-json\/wp\/v2\/pages\/1148\/revisions"}],"predecessor-version":[{"id":2940,"href":"https:\/\/mnssimulacion.cl\/en\/wp-json\/wp\/v2\/pages\/1148\/revisions\/2940"}],"wp:attachment":[{"href":"https:\/\/mnssimulacion.cl\/en\/wp-json\/wp\/v2\/media?parent=1148"}],"curies":[{"name":"wp","href":"https:\/\/api.w.org\/{rel}","templated":true}]}}